{"id":942274,"date":"2023-04-05T13:02:29","date_gmt":"2023-04-05T16:02:29","guid":{"rendered":"https:\/\/www.cnbb.org.br\/?page_id=942274"},"modified":"2023-04-28T12:40:54","modified_gmt":"2023-04-28T15:40:54","slug":"60agcnbb","status":"publish","type":"page","link":"https:\/\/www.cnbb.org.br\/60agcnbb\/","title":{"rendered":"60\u00aa Assembleia Geral da CNBB"},"content":{"rendered":"\t\t<div data-elementor-type=\"wp-page\" data-elementor-id=\"942274\" class=\"elementor elementor-942274\" data-elementor-post-type=\"page\">\n\t\t\t\t\t\t<div class=\"elementor-inner\">\n\t\t\t\t<div class=\"elementor-section-wrap\">\n\t\t\t\t\t\t\t\t\t<section class=\"elementor-section elementor-top-section elementor-element elementor-element-4719a8e elementor-section-full_width elementor-section-height-min-height elementor-section-items-stretch elementor-section-height-default\" data-id=\"4719a8e\" data-element_type=\"section\" data-settings=\"{&quot;background_background&quot;:&quot;classic&quot;,&quot;jet_parallax_layout_list&quot;:[]}\">\n\t\t\t\t\t\t<div class=\"elementor-container elementor-column-gap-no\">\n\t\t\t\t\t\t\t<div class=\"elementor-row\">\n\t\t\t\t\t<div class=\"elementor-column elementor-col-50 elementor-top-column elementor-element elementor-element-36e9ecaa\" data-id=\"36e9ecaa\" data-element_type=\"column\" data-settings=\"{&quot;background_background&quot;:&quot;classic&quot;}\">\n\t\t\t<div class=\"elementor-column-wrap elementor-element-populated\">\n\t\t\t\t\t\t\t<div class=\"elementor-widget-wrap\">\n\t\t\t\t\t\t<div class=\"elementor-element elementor-element-a2e3db9 elementor-widget elementor-widget-image\" data-id=\"a2e3db9\" data-element_type=\"widget\" data-widget_type=\"image.default\">\n\t\t\t\t<div class=\"elementor-widget-container\">\n\t\t\t\t\t\t\t\t<div class=\"elementor-image\">\n\t\t\t\t\t\t\t\t\t\t\t\t<img decoding=\"async\" width=\"1024\" height=\"1024\" src=\"https:\/\/www.cnbb.org.br\/wp-content\/uploads\/2023\/04\/LogoAGCNBB.png\" class=\"attachment-large size-large wp-image-942342\" alt=\"\" loading=\"lazy\" srcset=\"https:\/\/www.cnbb.org.br\/wp-content\/uploads\/2023\/04\/LogoAGCNBB.png 1024w, https:\/\/www.cnbb.org.br\/wp-content\/uploads\/2023\/04\/LogoAGCNBB-300x300.png 300w, https:\/\/www.cnbb.org.br\/wp-content\/uploads\/2023\/04\/LogoAGCNBB-150x150.png 150w, https:\/\/www.cnbb.org.br\/wp-content\/uploads\/2023\/04\/LogoAGCNBB-768x768.png 768w, https:\/\/www.cnbb.org.br\/wp-content\/uploads\/2023\/04\/LogoAGCNBB-800x800.png 800w, https:\/\/www.cnbb.org.br\/wp-content\/uploads\/2023\/04\/LogoAGCNBB-500x500.png 500w\" sizes=\"(max-width: 1024px) 100vw, 1024px\" \/>\t\t\t\t\t\t\t\t\t\t\t\t\t\t<\/div>\n\t\t\t\t\t\t<\/div>\n\t\t\t\t<\/div>\n\t\t\t\t<div class=\"elementor-element elementor-element-8ff7463 elementor-widget elementor-widget-spacer\" data-id=\"8ff7463\" data-element_type=\"widget\" data-widget_type=\"spacer.default\">\n\t\t\t\t<div class=\"elementor-widget-container\">\n\t\t\t\t\t<div class=\"elementor-spacer\">\n\t\t\t<div class=\"elementor-spacer-inner\"><\/div>\n\t\t<\/div>\n\t\t\t\t<\/div>\n\t\t\t\t<\/div>\n\t\t\t\t\t\t<\/div>\n\t\t\t\t\t<\/div>\n\t\t<\/div>\n\t\t\t\t<div class=\"elementor-column elementor-col-50 elementor-top-column elementor-element elementor-element-23a5c361\" data-id=\"23a5c361\" data-element_type=\"column\">\n\t\t\t<div class=\"elementor-column-wrap elementor-element-populated\">\n\t\t\t\t\t\t\t<div class=\"elementor-widget-wrap\">\n\t\t\t\t\t\t<section class=\"elementor-section elementor-inner-section elementor-element elementor-element-64d587b5 elementor-section-full_width elementor-reverse-tablet elementor-reverse-mobile elementor-section-height-default elementor-section-height-default\" data-id=\"64d587b5\" data-element_type=\"section\" data-settings=\"{&quot;jet_parallax_layout_list&quot;:[]}\">\n\t\t\t\t\t\t<div class=\"elementor-container elementor-column-gap-no\">\n\t\t\t\t\t\t\t<div class=\"elementor-row\">\n\t\t\t\t\t<div class=\"elementor-column elementor-col-50 elementor-inner-column elementor-element elementor-element-df7fb1e\" data-id=\"df7fb1e\" data-element_type=\"column\">\n\t\t\t<div class=\"elementor-column-wrap elementor-element-populated\">\n\t\t\t\t\t\t\t<div class=\"elementor-widget-wrap\">\n\t\t\t\t\t\t<div class=\"elementor-element elementor-element-7c90f2d animated-fast elementor-invisible elementor-widget elementor-widget-image\" data-id=\"7c90f2d\" data-element_type=\"widget\" data-settings=\"{&quot;_animation&quot;:&quot;slideInRight&quot;,&quot;_animation_tablet&quot;:&quot;slideInLeft&quot;}\" data-widget_type=\"image.default\">\n\t\t\t\t<div class=\"elementor-widget-container\">\n\t\t\t\t\t\t\t\t<div class=\"elementor-image\">\n\t\t\t\t\t\t\t\t\t\t\t\t<img decoding=\"async\" width=\"720\" height=\"450\" src=\"https:\/\/www.cnbb.org.br\/wp-content\/uploads\/2022\/11\/AG-CNBB-bispos-votacao.jpg\" class=\"attachment-large size-large wp-image-934104\" alt=\"\" loading=\"lazy\" srcset=\"https:\/\/www.cnbb.org.br\/wp-content\/uploads\/2022\/11\/AG-CNBB-bispos-votacao.jpg 720w, https:\/\/www.cnbb.org.br\/wp-content\/uploads\/2022\/11\/AG-CNBB-bispos-votacao-300x188.jpg 300w, https:\/\/www.cnbb.org.br\/wp-content\/uploads\/2022\/11\/AG-CNBB-bispos-votacao-500x313.jpg 500w\" sizes=\"(max-width: 720px) 100vw, 720px\" \/>\t\t\t\t\t\t\t\t\t\t\t\t\t\t<\/div>\n\t\t\t\t\t\t<\/div>\n\t\t\t\t<\/div>\n\t\t\t\t\t\t<\/div>\n\t\t\t\t\t<\/div>\n\t\t<\/div>\n\t\t\t\t<div class=\"elementor-column elementor-col-50 elementor-inner-column elementor-element elementor-element-60ebeec5 animated-fast elementor-invisible\" data-id=\"60ebeec5\" data-element_type=\"column\" data-settings=\"{&quot;animation&quot;:&quot;slideInUp&quot;}\">\n\t\t\t<div class=\"elementor-column-wrap elementor-element-populated\">\n\t\t\t\t\t\t\t<div class=\"elementor-widget-wrap\">\n\t\t\t\t\t\t<div class=\"elementor-element elementor-element-4c700657 elementor-widget__width-initial elementor-widget-tablet__width-initial elementor-absolute elementor-widget-mobile__width-initial elementor-widget elementor-widget-spacer\" data-id=\"4c700657\" data-element_type=\"widget\" data-settings=\"{&quot;_position&quot;:&quot;absolute&quot;}\" data-widget_type=\"spacer.default\">\n\t\t\t\t<div class=\"elementor-widget-container\">\n\t\t\t\t\t<div class=\"elementor-spacer\">\n\t\t\t<div class=\"elementor-spacer-inner\"><\/div>\n\t\t<\/div>\n\t\t\t\t<\/div>\n\t\t\t\t<\/div>\n\t\t\t\t<div class=\"elementor-element elementor-element-ff31d18 elementor-widget__width-auto elementor-view-default elementor-widget elementor-widget-icon\" data-id=\"ff31d18\" data-element_type=\"widget\" data-widget_type=\"icon.default\">\n\t\t\t\t<div class=\"elementor-widget-container\">\n\t\t\t\t\t<div class=\"elementor-icon-wrapper\">\n\t\t\t<div class=\"elementor-icon\">\n\t\t\t\t\t\t<\/div>\n\t\t<\/div>\n\t\t\t\t<\/div>\n\t\t\t\t<\/div>\n\t\t\t\t\t\t<\/div>\n\t\t\t\t\t<\/div>\n\t\t<\/div>\n\t\t\t\t\t\t\t\t<\/div>\n\t\t\t\t\t<\/div>\n\t\t<\/section>\n\t\t\t\t<section class=\"elementor-section elementor-inner-section elementor-element elementor-element-7000f307 elementor-section-full_width elementor-section-height-default elementor-section-height-default\" data-id=\"7000f307\" data-element_type=\"section\" data-settings=\"{&quot;jet_parallax_layout_list&quot;:[]}\">\n\t\t\t\t\t\t<div class=\"elementor-container elementor-column-gap-no\">\n\t\t\t\t\t\t\t<div class=\"elementor-row\">\n\t\t\t\t\t<div class=\"elementor-column elementor-col-50 elementor-inner-column elementor-element elementor-element-3dd8f7c8\" data-id=\"3dd8f7c8\" data-element_type=\"column\">\n\t\t\t<div class=\"elementor-column-wrap elementor-element-populated\">\n\t\t\t\t\t\t\t<div class=\"elementor-widget-wrap\">\n\t\t\t\t\t\t<div class=\"elementor-element elementor-element-2dcd5f47 animated-fast elementor-invisible elementor-widget elementor-widget-image\" data-id=\"2dcd5f47\" data-element_type=\"widget\" data-settings=\"{&quot;_animation&quot;:&quot;slideInDown&quot;,&quot;_animation_tablet&quot;:&quot;slideInRight&quot;}\" data-widget_type=\"image.default\">\n\t\t\t\t<div class=\"elementor-widget-container\">\n\t\t\t\t\t\t\t\t<div class=\"elementor-image\">\n\t\t\t\t\t\t\t\t\t\t\t\t<img decoding=\"async\" width=\"923\" height=\"567\" src=\"https:\/\/www.cnbb.org.br\/wp-content\/uploads\/2023\/01\/WhatsApp-Image-2023-01-18-at-13.09.21.jpeg\" class=\"attachment-large size-large wp-image-936767\" alt=\"\" loading=\"lazy\" srcset=\"https:\/\/www.cnbb.org.br\/wp-content\/uploads\/2023\/01\/WhatsApp-Image-2023-01-18-at-13.09.21.jpeg 923w, https:\/\/www.cnbb.org.br\/wp-content\/uploads\/2023\/01\/WhatsApp-Image-2023-01-18-at-13.09.21-300x184.jpeg 300w, https:\/\/www.cnbb.org.br\/wp-content\/uploads\/2023\/01\/WhatsApp-Image-2023-01-18-at-13.09.21-768x472.jpeg 768w, https:\/\/www.cnbb.org.br\/wp-content\/uploads\/2023\/01\/WhatsApp-Image-2023-01-18-at-13.09.21-500x307.jpeg 500w\" sizes=\"(max-width: 923px) 100vw, 923px\" \/>\t\t\t\t\t\t\t\t\t\t\t\t\t\t<\/div>\n\t\t\t\t\t\t<\/div>\n\t\t\t\t<\/div>\n\t\t\t\t\t\t<\/div>\n\t\t\t\t\t<\/div>\n\t\t<\/div>\n\t\t\t\t<div class=\"elementor-column elementor-col-50 elementor-inner-column elementor-element elementor-element-2059c862\" data-id=\"2059c862\" data-element_type=\"column\">\n\t\t\t<div class=\"elementor-column-wrap elementor-element-populated\">\n\t\t\t\t\t\t\t<div class=\"elementor-widget-wrap\">\n\t\t\t\t\t\t<div class=\"elementor-element elementor-element-5b0d2884 animated-fast elementor-invisible elementor-widget elementor-widget-image\" data-id=\"5b0d2884\" data-element_type=\"widget\" data-settings=\"{&quot;_animation&quot;:&quot;slideInLeft&quot;,&quot;_animation_tablet&quot;:&quot;slideInDown&quot;}\" data-widget_type=\"image.default\">\n\t\t\t\t<div class=\"elementor-widget-container\">\n\t\t\t\t\t\t\t\t<div class=\"elementor-image\">\n\t\t\t\t\t\t\t\t\t\t\t\t<img decoding=\"async\" width=\"640\" height=\"427\" src=\"https:\/\/www.cnbb.org.br\/wp-content\/uploads\/2020\/03\/Santurio_Nacional_Thiago_Leon-640x427-1.jpg\" class=\"attachment-large size-large wp-image-25329\" alt=\"\" loading=\"lazy\" srcset=\"https:\/\/www.cnbb.org.br\/wp-content\/uploads\/2020\/03\/Santurio_Nacional_Thiago_Leon-640x427-1.jpg 640w, https:\/\/www.cnbb.org.br\/wp-content\/uploads\/2020\/03\/Santurio_Nacional_Thiago_Leon-640x427-1-300x200.jpg 300w, https:\/\/www.cnbb.org.br\/wp-content\/uploads\/2020\/03\/Santurio_Nacional_Thiago_Leon-640x427-1-500x334.jpg 500w\" sizes=\"(max-width: 640px) 100vw, 640px\" \/>\t\t\t\t\t\t\t\t\t\t\t\t\t\t<\/div>\n\t\t\t\t\t\t<\/div>\n\t\t\t\t<\/div>\n\t\t\t\t\t\t<\/div>\n\t\t\t\t\t<\/div>\n\t\t<\/div>\n\t\t\t\t\t\t\t\t<\/div>\n\t\t\t\t\t<\/div>\n\t\t<\/section>\n\t\t\t\t\t\t<\/div>\n\t\t\t\t\t<\/div>\n\t\t<\/div>\n\t\t\t\t\t\t\t\t<\/div>\n\t\t\t\t\t<\/div>\n\t\t<\/section>\n\t\t\t\t<section class=\"elementor-section elementor-top-section elementor-element elementor-element-9fb697f elementor-section-boxed elementor-section-height-default elementor-section-height-default\" data-id=\"9fb697f\" data-element_type=\"section\" data-settings=\"{&quot;jet_parallax_layout_list&quot;:[]}\">\n\t\t\t\t\t\t<div class=\"elementor-container elementor-column-gap-default\">\n\t\t\t\t\t\t\t<div class=\"elementor-row\">\n\t\t\t\t\t<div class=\"elementor-column elementor-col-100 elementor-top-column elementor-element elementor-element-b6efac4\" data-id=\"b6efac4\" data-element_type=\"column\">\n\t\t\t<div class=\"elementor-column-wrap elementor-element-populated\">\n\t\t\t\t\t\t\t<div class=\"elementor-widget-wrap\">\n\t\t\t\t\t\t<div class=\"elementor-element elementor-element-2596f35 elementor-widget elementor-widget-spacer\" data-id=\"2596f35\" data-element_type=\"widget\" data-widget_type=\"spacer.default\">\n\t\t\t\t<div class=\"elementor-widget-container\">\n\t\t\t\t\t<div class=\"elementor-spacer\">\n\t\t\t<div class=\"elementor-spacer-inner\"><\/div>\n\t\t<\/div>\n\t\t\t\t<\/div>\n\t\t\t\t<\/div>\n\t\t\t\t<div class=\"elementor-element elementor-element-10c7f46a elementor-invisible elementor-widget elementor-widget-heading\" data-id=\"10c7f46a\" data-element_type=\"widget\" data-settings=\"{&quot;_animation&quot;:&quot;fadeIn&quot;,&quot;_animation_delay&quot;:400}\" data-widget_type=\"heading.default\">\n\t\t\t\t<div class=\"elementor-widget-container\">\n\t\t\t<h2 class=\"elementor-heading-title elementor-size-default\">Secret\u00e1rio-geral explica a 60\u00aa Assembleia da Confer\u00eancia<\/h2>\t\t<\/div>\n\t\t\t\t<\/div>\n\t\t\t\t<div class=\"elementor-element elementor-element-9b3b2ab elementor-widget elementor-widget-video\" data-id=\"9b3b2ab\" data-element_type=\"widget\" data-settings=\"{&quot;youtube_url&quot;:&quot;https:\\\/\\\/www.youtube.com\\\/watch?v=awbeASZDAUc&quot;,&quot;video_type&quot;:&quot;youtube&quot;}\" data-widget_type=\"video.default\">\n\t\t\t\t<div class=\"elementor-widget-container\">\n\t\t\t\t\t<div class=\"elementor-wrapper elementor-open-inline\">\n\t\t\t<div class=\"elementor-video\"><\/div>\t\t<\/div>\n\t\t\t\t<\/div>\n\t\t\t\t<\/div>\n\t\t\t\t\t\t<\/div>\n\t\t\t\t\t<\/div>\n\t\t<\/div>\n\t\t\t\t\t\t\t\t<\/div>\n\t\t\t\t\t<\/div>\n\t\t<\/section>\n\t\t\t\t<section class=\"elementor-section elementor-top-section elementor-element elementor-element-514391a elementor-section-boxed elementor-section-height-default elementor-section-height-default\" data-id=\"514391a\" data-element_type=\"section\" data-settings=\"{&quot;jet_parallax_layout_list&quot;:[]}\">\n\t\t\t\t\t\t<div class=\"elementor-container elementor-column-gap-default\">\n\t\t\t\t\t\t\t<div class=\"elementor-row\">\n\t\t\t\t\t<div class=\"elementor-column elementor-col-33 elementor-top-column elementor-element elementor-element-a13523f\" data-id=\"a13523f\" data-element_type=\"column\">\n\t\t\t<div class=\"elementor-column-wrap elementor-element-populated\">\n\t\t\t\t\t\t\t<div class=\"elementor-widget-wrap\">\n\t\t\t\t\t\t<div class=\"elementor-element elementor-element-9006596 elementor-view-stacked elementor-shape-square elementor-mobile-position-top elementor-vertical-align-top elementor-widget elementor-widget-icon-box\" data-id=\"9006596\" data-element_type=\"widget\" data-widget_type=\"icon-box.default\">\n\t\t\t\t<div class=\"elementor-widget-container\">\n\t\t\t\t\t<div class=\"elementor-icon-box-wrapper\">\n\t\t\t\t\t\t<div class=\"elementor-icon-box-icon\">\n\t\t\t\t<span class=\"elementor-icon elementor-animation-\" >\n\t\t\t\t<i aria-hidden=\"true\" class=\"far fa-bookmark\"><\/i>\t\t\t\t<\/span>\n\t\t\t<\/div>\n\t\t\t\t\t\t<div class=\"elementor-icon-box-content\">\n\t\t\t\t<h3 class=\"elementor-icon-box-title\">\n\t\t\t\t\t<span  >\n\t\t\t\t\t\tTemas\t\t\t\t\t<\/span>\n\t\t\t\t<\/h3>\n\t\t\t\t\t\t\t\t\t<p class=\"elementor-icon-box-description\">\n\t\t\t\t\t\tNo pr\u00f3ximo dia 19 de abril, \u00e0s 8h30, acontece a sess\u00e3o solene de abertura da 60\u00aa Assembleia Geral da Confer\u00eancia Nacional dos Bispos do Brasil (AG CNBB), no Centro de Conven\u00e7\u00f5es Padre V\u00edtor Coelho de Almeida do Santu\u00e1rio Nacional de Aparecida, em Aparecida (SP). O encontro do episcopado brasileiro se estende at\u00e9 o dia 28, com 22 sess\u00f5es ao longo das duas semanas. Clique no bot\u00e3o abaixo e sabia mais.\t\t\t\t\t<\/p>\n\t\t\t\t\t\t\t<\/div>\n\t\t<\/div>\n\t\t\t\t<\/div>\n\t\t\t\t<\/div>\n\t\t\t\t<div class=\"elementor-element elementor-element-0aa306d elementor-align-center elementor-widget elementor-widget-button\" data-id=\"0aa306d\" data-element_type=\"widget\" data-widget_type=\"button.default\">\n\t\t\t\t<div class=\"elementor-widget-container\">\n\t\t\t\t\t<div class=\"elementor-button-wrapper\">\n\t\t\t<a class=\"elementor-button elementor-button-link elementor-size-md\" href=\"https:\/\/www.cnbb.org.br\/60agcnbb-temas\/\">\n\t\t\t\t\t\t<span class=\"elementor-button-content-wrapper\">\n\t\t\t\t\t\t<span class=\"elementor-button-text\">Clique aqui<\/span>\n\t\t<\/span>\n\t\t\t\t\t<\/a>\n\t\t<\/div>\n\t\t\t\t<\/div>\n\t\t\t\t<\/div>\n\t\t\t\t\t\t<\/div>\n\t\t\t\t\t<\/div>\n\t\t<\/div>\n\t\t\t\t<div class=\"elementor-column elementor-col-33 elementor-top-column elementor-element elementor-element-f881e81\" data-id=\"f881e81\" data-element_type=\"column\">\n\t\t\t<div class=\"elementor-column-wrap elementor-element-populated\">\n\t\t\t\t\t\t\t<div class=\"elementor-widget-wrap\">\n\t\t\t\t\t\t<div class=\"elementor-element elementor-element-68dbaa67 elementor-view-stacked elementor-shape-square elementor-mobile-position-top elementor-vertical-align-top elementor-widget elementor-widget-icon-box\" data-id=\"68dbaa67\" data-element_type=\"widget\" data-widget_type=\"icon-box.default\">\n\t\t\t\t<div class=\"elementor-widget-container\">\n\t\t\t\t\t<div class=\"elementor-icon-box-wrapper\">\n\t\t\t\t\t\t<div class=\"elementor-icon-box-icon\">\n\t\t\t\t<span class=\"elementor-icon elementor-animation-\" >\n\t\t\t\t<i aria-hidden=\"true\" class=\"far fa-clock\"><\/i>\t\t\t\t<\/span>\n\t\t\t<\/div>\n\t\t\t\t\t\t<div class=\"elementor-icon-box-content\">\n\t\t\t\t<h3 class=\"elementor-icon-box-title\">\n\t\t\t\t\t<span  >\n\t\t\t\t\t\tHor\u00e1rios\t\t\t\t\t<\/span>\n\t\t\t\t<\/h3>\n\t\t\t\t\t\t\t\t\t<p class=\"elementor-icon-box-description\">\n\t\t\t\t\t\tTodos os dias, no Santu\u00e1rio Nacional, \u00e0s 18h30, os bispos participar\u00e3o das celebra\u00e7\u00f5es eucar\u00edsticas da 60\u00aa AG CNBB. Haver\u00e1 tamb\u00e9m uma celebra\u00e7\u00e3o penitencial no dia 23 de abril e uma celebra\u00e7\u00e3o inter-religiosa, no dia 26 de abril. O retiro espiritual acontece no s\u00e1bado, 22, e domingo, 23. Clique no bot\u00e3o abaixo e confira os hor\u00e1rios de todos os dias, com exce\u00e7\u00e3o de s\u00e1bado e domingo.\t\t\t\t\t<\/p>\n\t\t\t\t\t\t\t<\/div>\n\t\t<\/div>\n\t\t\t\t<\/div>\n\t\t\t\t<\/div>\n\t\t\t\t<div class=\"elementor-element elementor-element-e7a5065 elementor-align-center elementor-widget elementor-widget-button\" data-id=\"e7a5065\" data-element_type=\"widget\" data-widget_type=\"button.default\">\n\t\t\t\t<div class=\"elementor-widget-container\">\n\t\t\t\t\t<div class=\"elementor-button-wrapper\">\n\t\t\t<a class=\"elementor-button elementor-button-link elementor-size-md\" href=\"https:\/\/www.cnbb.org.br\/60agcnbb-horarios\/\">\n\t\t\t\t\t\t<span class=\"elementor-button-content-wrapper\">\n\t\t\t\t\t\t<span class=\"elementor-button-text\">Clique aqui<\/span>\n\t\t<\/span>\n\t\t\t\t\t<\/a>\n\t\t<\/div>\n\t\t\t\t<\/div>\n\t\t\t\t<\/div>\n\t\t\t\t\t\t<\/div>\n\t\t\t\t\t<\/div>\n\t\t<\/div>\n\t\t\t\t<div class=\"elementor-column elementor-col-33 elementor-top-column elementor-element elementor-element-e74e0cc\" data-id=\"e74e0cc\" data-element_type=\"column\">\n\t\t\t<div class=\"elementor-column-wrap elementor-element-populated\">\n\t\t\t\t\t\t\t<div class=\"elementor-widget-wrap\">\n\t\t\t\t\t\t<div class=\"elementor-element elementor-element-3972ed6b elementor-view-stacked elementor-shape-square elementor-mobile-position-top elementor-vertical-align-top elementor-widget elementor-widget-icon-box\" data-id=\"3972ed6b\" data-element_type=\"widget\" data-widget_type=\"icon-box.default\">\n\t\t\t\t<div class=\"elementor-widget-container\">\n\t\t\t\t\t<div class=\"elementor-icon-box-wrapper\">\n\t\t\t\t\t\t<div class=\"elementor-icon-box-icon\">\n\t\t\t\t<span class=\"elementor-icon elementor-animation-\" >\n\t\t\t\t<i aria-hidden=\"true\" class=\"fas fa-vote-yea\"><\/i>\t\t\t\t<\/span>\n\t\t\t<\/div>\n\t\t\t\t\t\t<div class=\"elementor-icon-box-content\">\n\t\t\t\t<h3 class=\"elementor-icon-box-title\">\n\t\t\t\t\t<span  >\n\t\t\t\t\t\tVota\u00e7\u00f5es\t\t\t\t\t<\/span>\n\t\t\t\t<\/h3>\n\t\t\t\t\t\t\t\t\t<p class=\"elementor-icon-box-description\">\n\t\t\t\t\t\tDurante a Assembleia Geral haver\u00e1 a elei\u00e7\u00e3o, com voto secreto, para 20 fun\u00e7\u00f5es\/servi\u00e7os \u00e0 CNBB, sendo os 4 membros da presid\u00eancia, 12 presidentes das Comiss\u00f5es Episcopais permanentes, 2 representantes da CNBB no Conselho Episcopal Latino-Americano (Celam), um titular e suplente, e 2 bispos que participar\u00e3o do processo do S\u00ednodo sobre a Sinodalidade, em Roma.\t\t\t\t\t<\/p>\n\t\t\t\t\t\t\t<\/div>\n\t\t<\/div>\n\t\t\t\t<\/div>\n\t\t\t\t<\/div>\n\t\t\t\t<div class=\"elementor-element elementor-element-a784d87 elementor-align-center elementor-widget elementor-widget-button\" data-id=\"a784d87\" data-element_type=\"widget\" data-widget_type=\"button.default\">\n\t\t\t\t<div class=\"elementor-widget-container\">\n\t\t\t\t\t<div class=\"elementor-button-wrapper\">\n\t\t\t<a class=\"elementor-button elementor-button-link elementor-size-md\" href=\"https:\/\/www.cnbb.org.br\/60agcnbb-votacoes\/\">\n\t\t\t\t\t\t<span class=\"elementor-button-content-wrapper\">\n\t\t\t\t\t\t<span class=\"elementor-button-text\">Clique aqui<\/span>\n\t\t<\/span>\n\t\t\t\t\t<\/a>\n\t\t<\/div>\n\t\t\t\t<\/div>\n\t\t\t\t<\/div>\n\t\t\t\t\t\t<\/div>\n\t\t\t\t\t<\/div>\n\t\t<\/div>\n\t\t\t\t\t\t\t\t<\/div>\n\t\t\t\t\t<\/div>\n\t\t<\/section>\n\t\t\t\t<section class=\"elementor-section elementor-top-section elementor-element elementor-element-6a2fe91 elementor-section-boxed elementor-section-height-default elementor-section-height-default\" data-id=\"6a2fe91\" data-element_type=\"section\" data-settings=\"{&quot;jet_parallax_layout_list&quot;:[]}\">\n\t\t\t\t\t\t<div class=\"elementor-container elementor-column-gap-no\">\n\t\t\t\t\t\t\t<div class=\"elementor-row\">\n\t\t\t\t\t<div class=\"elementor-column elementor-col-50 elementor-top-column elementor-element elementor-element-3d7d8350\" data-id=\"3d7d8350\" data-element_type=\"column\">\n\t\t\t<div class=\"elementor-column-wrap elementor-element-populated\">\n\t\t\t\t\t\t\t<div class=\"elementor-widget-wrap\">\n\t\t\t\t\t\t<div class=\"elementor-element elementor-element-fff7c1a elementor-invisible elementor-widget elementor-widget-heading\" data-id=\"fff7c1a\" data-element_type=\"widget\" data-settings=\"{&quot;_animation&quot;:&quot;fadeIn&quot;,&quot;_animation_delay&quot;:400}\" data-widget_type=\"heading.default\">\n\t\t\t\t<div class=\"elementor-widget-container\">\n\t\t\t<h2 class=\"elementor-heading-title elementor-size-default\">Perguntas e respostas<\/h2>\t\t<\/div>\n\t\t\t\t<\/div>\n\t\t\t\t<div class=\"elementor-element elementor-element-44b6eb7e elementor-invisible elementor-widget elementor-widget-text-editor\" data-id=\"44b6eb7e\" data-element_type=\"widget\" data-settings=\"{&quot;_animation&quot;:&quot;fadeIn&quot;,&quot;_animation_delay&quot;:600}\" data-widget_type=\"text-editor.default\">\n\t\t\t\t<div class=\"elementor-widget-container\">\n\t\t\t\t\t\t\t\t<div class=\"elementor-text-editor elementor-clearfix\">\n\t\t\t\t<p>Acesse as principais regras e saiba quais s\u00e3o os principais momentos da Assembleia<\/p>\t\t\t\t\t<\/div>\n\t\t\t\t\t\t<\/div>\n\t\t\t\t<\/div>\n\t\t\t\t<section class=\"elementor-section elementor-inner-section elementor-element elementor-element-66092d20 elementor-section-full_width elementor-section-height-min-height elementor-section-height-default\" data-id=\"66092d20\" data-element_type=\"section\" data-settings=\"{&quot;jet_parallax_layout_list&quot;:[]}\">\n\t\t\t\t\t\t<div class=\"elementor-container elementor-column-gap-no\">\n\t\t\t\t\t\t\t<div class=\"elementor-row\">\n\t\t\t\t\t<div class=\"elementor-column elementor-col-33 elementor-inner-column elementor-element elementor-element-1b3b70cf elementor-invisible\" data-id=\"1b3b70cf\" data-element_type=\"column\" data-settings=\"{&quot;background_background&quot;:&quot;classic&quot;,&quot;animation&quot;:&quot;fadeIn&quot;,&quot;animation_delay&quot;:200}\">\n\t\t\t<div class=\"elementor-column-wrap elementor-element-populated\">\n\t\t\t\t\t\t\t<div class=\"elementor-widget-wrap\">\n\t\t\t\t\t\t<div class=\"elementor-element elementor-element-6b44eaa6 elementor-widget elementor-widget-heading\" data-id=\"6b44eaa6\" data-element_type=\"widget\" data-widget_type=\"heading.default\">\n\t\t\t\t<div class=\"elementor-widget-container\">\n\t\t\t<p class=\"elementor-heading-title elementor-size-default\">?<\/p>\t\t<\/div>\n\t\t\t\t<\/div>\n\t\t\t\t\t\t<\/div>\n\t\t\t\t\t<\/div>\n\t\t<\/div>\n\t\t\t\t<div class=\"elementor-column elementor-col-33 elementor-inner-column elementor-element elementor-element-5f0158eb\" data-id=\"5f0158eb\" data-element_type=\"column\">\n\t\t\t<div class=\"elementor-column-wrap elementor-element-populated\">\n\t\t\t\t\t\t\t<div class=\"elementor-widget-wrap\">\n\t\t\t\t\t\t<div class=\"elementor-element elementor-element-6669f2aa elementor-widget__width-initial elementor-widget-tablet__width-initial elementor-widget-mobile__width-initial elementor-widget elementor-widget-spacer\" data-id=\"6669f2aa\" data-element_type=\"widget\" data-settings=\"{&quot;motion_fx_motion_fx_scrolling&quot;:&quot;yes&quot;,&quot;motion_fx_translateY_effect&quot;:&quot;yes&quot;,&quot;motion_fx_translateY_direction&quot;:&quot;negative&quot;,&quot;motion_fx_translateY_speed&quot;:{&quot;unit&quot;:&quot;px&quot;,&quot;size&quot;:1,&quot;sizes&quot;:[]},&quot;motion_fx_translateY_affectedRange&quot;:{&quot;unit&quot;:&quot;%&quot;,&quot;size&quot;:&quot;&quot;,&quot;sizes&quot;:{&quot;start&quot;:0,&quot;end&quot;:52}},&quot;motion_fx_devices&quot;:[&quot;mobile&quot;]}\" data-widget_type=\"spacer.default\">\n\t\t\t\t<div class=\"elementor-widget-container\">\n\t\t\t\t\t<div class=\"elementor-spacer\">\n\t\t\t<div class=\"elementor-spacer-inner\"><\/div>\n\t\t<\/div>\n\t\t\t\t<\/div>\n\t\t\t\t<\/div>\n\t\t\t\t<div class=\"elementor-element elementor-element-6a85308a elementor-widget__width-initial elementor-widget-mobile__width-initial elementor-widget elementor-widget-spacer\" data-id=\"6a85308a\" data-element_type=\"widget\" data-settings=\"{&quot;motion_fx_motion_fx_scrolling&quot;:&quot;yes&quot;,&quot;motion_fx_translateY_effect&quot;:&quot;yes&quot;,&quot;motion_fx_translateY_speed&quot;:{&quot;unit&quot;:&quot;px&quot;,&quot;size&quot;:1,&quot;sizes&quot;:[]},&quot;motion_fx_translateY_affectedRange&quot;:{&quot;unit&quot;:&quot;%&quot;,&quot;size&quot;:&quot;&quot;,&quot;sizes&quot;:{&quot;start&quot;:0,&quot;end&quot;:50}},&quot;motion_fx_devices&quot;:[&quot;desktop&quot;,&quot;tablet&quot;]}\" data-widget_type=\"spacer.default\">\n\t\t\t\t<div class=\"elementor-widget-container\">\n\t\t\t\t\t<div class=\"elementor-spacer\">\n\t\t\t<div class=\"elementor-spacer-inner\"><\/div>\n\t\t<\/div>\n\t\t\t\t<\/div>\n\t\t\t\t<\/div>\n\t\t\t\t\t\t<\/div>\n\t\t\t\t\t<\/div>\n\t\t<\/div>\n\t\t\t\t<div class=\"elementor-column elementor-col-33 elementor-inner-column elementor-element elementor-element-b18280a\" data-id=\"b18280a\" data-element_type=\"column\">\n\t\t\t<div class=\"elementor-column-wrap elementor-element-populated\">\n\t\t\t\t\t\t\t<div class=\"elementor-widget-wrap\">\n\t\t\t\t\t\t<div class=\"elementor-element elementor-element-49bb756f elementor-widget__width-initial elementor-widget-mobile__width-initial elementor-widget elementor-widget-spacer\" data-id=\"49bb756f\" data-element_type=\"widget\" data-widget_type=\"spacer.default\">\n\t\t\t\t<div class=\"elementor-widget-container\">\n\t\t\t\t\t<div class=\"elementor-spacer\">\n\t\t\t<div class=\"elementor-spacer-inner\"><\/div>\n\t\t<\/div>\n\t\t\t\t<\/div>\n\t\t\t\t<\/div>\n\t\t\t\t<div class=\"elementor-element elementor-element-490d561 elementor-widget__width-initial elementor-widget-mobile__width-initial elementor-widget elementor-widget-spacer\" data-id=\"490d561\" data-element_type=\"widget\" data-widget_type=\"spacer.default\">\n\t\t\t\t<div class=\"elementor-widget-container\">\n\t\t\t\t\t<div class=\"elementor-spacer\">\n\t\t\t<div class=\"elementor-spacer-inner\"><\/div>\n\t\t<\/div>\n\t\t\t\t<\/div>\n\t\t\t\t<\/div>\n\t\t\t\t<div class=\"elementor-element elementor-element-665d8d7a elementor-widget__width-initial elementor-widget-mobile__width-initial elementor-absolute elementor-widget elementor-widget-spacer\" data-id=\"665d8d7a\" data-element_type=\"widget\" data-settings=\"{&quot;_position&quot;:&quot;absolute&quot;}\" data-widget_type=\"spacer.default\">\n\t\t\t\t<div class=\"elementor-widget-container\">\n\t\t\t\t\t<div class=\"elementor-spacer\">\n\t\t\t<div class=\"elementor-spacer-inner\"><\/div>\n\t\t<\/div>\n\t\t\t\t<\/div>\n\t\t\t\t<\/div>\n\t\t\t\t<div class=\"elementor-element elementor-element-7544a15d elementor-widget__width-auto elementor-absolute elementor-view-default elementor-widget elementor-widget-icon\" data-id=\"7544a15d\" data-element_type=\"widget\" data-settings=\"{&quot;motion_fx_motion_fx_scrolling&quot;:&quot;yes&quot;,&quot;motion_fx_translateX_effect&quot;:&quot;yes&quot;,&quot;motion_fx_translateX_speed&quot;:{&quot;unit&quot;:&quot;px&quot;,&quot;size&quot;:1,&quot;sizes&quot;:[]},&quot;motion_fx_translateX_affectedRange&quot;:{&quot;unit&quot;:&quot;%&quot;,&quot;size&quot;:&quot;&quot;,&quot;sizes&quot;:{&quot;start&quot;:0,&quot;end&quot;:50}},&quot;_position&quot;:&quot;absolute&quot;,&quot;motion_fx_devices&quot;:[&quot;desktop&quot;,&quot;tablet&quot;,&quot;mobile&quot;]}\" data-widget_type=\"icon.default\">\n\t\t\t\t<div class=\"elementor-widget-container\">\n\t\t\t\t\t<div class=\"elementor-icon-wrapper\">\n\t\t\t<div class=\"elementor-icon\">\n\t\t\t\t\t\t<\/div>\n\t\t<\/div>\n\t\t\t\t<\/div>\n\t\t\t\t<\/div>\n\t\t\t\t\t\t<\/div>\n\t\t\t\t\t<\/div>\n\t\t<\/div>\n\t\t\t\t\t\t\t\t<\/div>\n\t\t\t\t\t<\/div>\n\t\t<\/section>\n\t\t\t\t\t\t<\/div>\n\t\t\t\t\t<\/div>\n\t\t<\/div>\n\t\t\t\t<div class=\"elementor-column elementor-col-50 elementor-top-column elementor-element elementor-element-722a84db\" data-id=\"722a84db\" data-element_type=\"column\">\n\t\t\t<div class=\"elementor-column-wrap elementor-element-populated\">\n\t\t\t\t\t\t\t<div class=\"elementor-widget-wrap\">\n\t\t\t\t\t\t<div class=\"elementor-element elementor-element-11e0905d elementor-widget elementor-widget-toggle\" data-id=\"11e0905d\" data-element_type=\"widget\" data-widget_type=\"toggle.default\">\n\t\t\t\t<div class=\"elementor-widget-container\">\n\t\t\t\t\t<div class=\"elementor-toggle\">\n\t\t\t\t\t\t\t<div class=\"elementor-toggle-item\">\n\t\t\t\t\t<div id=\"elementor-tab-title-2991\" class=\"elementor-tab-title\" data-tab=\"1\" role=\"button\" aria-controls=\"elementor-tab-content-2991\" aria-expanded=\"false\">\n\t\t\t\t\t\t\t\t\t\t\t\t<span class=\"elementor-toggle-icon elementor-toggle-icon-right\" aria-hidden=\"true\">\n\t\t\t\t\t\t\t\t\t\t\t\t\t\t\t<span class=\"elementor-toggle-icon-closed\"><\/span>\n\t\t\t\t\t\t\t\t<span class=\"elementor-toggle-icon-opened\"><\/span>\n\t\t\t\t\t\t\t\t\t\t\t\t\t<\/span>\n\t\t\t\t\t\t\t\t\t\t\t\t<a class=\"elementor-toggle-title\" tabindex=\"0\">O que \u00e9 a Assembleia Geral da CNBB?\u00a0<\/a>\n\t\t\t\t\t<\/div>\n\n\t\t\t\t\t<div id=\"elementor-tab-content-2991\" class=\"elementor-tab-content elementor-clearfix\" data-tab=\"1\" role=\"region\" aria-labelledby=\"elementor-tab-title-2991\"><p>Segundo o cap\u00edtulo III, do Estatuto Can\u00f4nico da CNBB, promulgado dia 8 de dezembro de 2022, a \u201cAssembleia Geral, \u00f3rg\u00e3o supremo da CNBB, \u00e9 a express\u00e3o e a realiza\u00e7\u00e3o maio do afeto colegial, da comunh\u00e3o e da corresponsabilidade dos Pastores da Igreja no Brasil\u201d com a finalidade de realizar os \u201cobjetivos da CNBB, para o bem do povo de Deus\u201d (cf. par\u00e1grafo \u00fanico do artigo 11). Segundo o que indica o texto, em seu 13\u00ba artigo, \u201ca Assembleia Geral tratar\u00e1 de assuntos pastorais, de ordem espiritual e de ordem temporal, daqueles relativos \u00e0 miss\u00e3o da Igreja e dos problemas emergentes referentes \u00e0s pessoas e \u00e0 sociedade, sempre na perspectiva da evangeliza\u00e7\u00e3o\u201d.<\/p><\/div>\n\t\t\t\t<\/div>\n\t\t\t\t\t\t\t<div class=\"elementor-toggle-item\">\n\t\t\t\t\t<div id=\"elementor-tab-title-2992\" class=\"elementor-tab-title\" data-tab=\"2\" role=\"button\" aria-controls=\"elementor-tab-content-2992\" aria-expanded=\"false\">\n\t\t\t\t\t\t\t\t\t\t\t\t<span class=\"elementor-toggle-icon elementor-toggle-icon-right\" aria-hidden=\"true\">\n\t\t\t\t\t\t\t\t\t\t\t\t\t\t\t<span class=\"elementor-toggle-icon-closed\"><\/span>\n\t\t\t\t\t\t\t\t<span class=\"elementor-toggle-icon-opened\"><\/span>\n\t\t\t\t\t\t\t\t\t\t\t\t\t<\/span>\n\t\t\t\t\t\t\t\t\t\t\t\t<a class=\"elementor-toggle-title\" tabindex=\"0\">Quando acontece e em quantas sess\u00f5es?<\/a>\n\t\t\t\t\t<\/div>\n\n\t\t\t\t\t<div id=\"elementor-tab-content-2992\" class=\"elementor-tab-content elementor-clearfix\" data-tab=\"2\" role=\"region\" aria-labelledby=\"elementor-tab-title-2992\"><p>A 60\u00aa AG CNBB tem ser\u00e1 aberta no pr\u00f3ximo dia 19 de abril, \u00e0s 8h30, acontece a sess\u00e3o solene de abertura da 60\u00aa Assembleia Geral da Confer\u00eancia Nacional dos Bispos do Brasil (AG CNBB), evento que se estende at\u00e9 o dia 28, com 22 sess\u00f5es ao longo das duas semanas.<\/p><\/div>\n\t\t\t\t<\/div>\n\t\t\t\t\t\t\t<div class=\"elementor-toggle-item\">\n\t\t\t\t\t<div id=\"elementor-tab-title-2993\" class=\"elementor-tab-title\" data-tab=\"3\" role=\"button\" aria-controls=\"elementor-tab-content-2993\" aria-expanded=\"false\">\n\t\t\t\t\t\t\t\t\t\t\t\t<span class=\"elementor-toggle-icon elementor-toggle-icon-right\" aria-hidden=\"true\">\n\t\t\t\t\t\t\t\t\t\t\t\t\t\t\t<span class=\"elementor-toggle-icon-closed\"><\/span>\n\t\t\t\t\t\t\t\t<span class=\"elementor-toggle-icon-opened\"><\/span>\n\t\t\t\t\t\t\t\t\t\t\t\t\t<\/span>\n\t\t\t\t\t\t\t\t\t\t\t\t<a class=\"elementor-toggle-title\" tabindex=\"0\">Qual o tema central e os outros temas deste ano?<\/a>\n\t\t\t\t\t<\/div>\n\n\t\t\t\t\t<div id=\"elementor-tab-content-2993\" class=\"elementor-tab-content elementor-clearfix\" data-tab=\"3\" role=\"region\" aria-labelledby=\"elementor-tab-title-2993\"><p>A pauta inclui 1 tema central (Avalia\u00e7\u00e3o Global da Caminhada da CNBB (Art. 141 do Regimento em vigor), 6 temas priorit\u00e1rios (Doutrina da F\u00e9,<span class=\"Apple-converted-space\">\u00a0 <\/span>Liturgia, Regimento da CNBB, Relat\u00f3rio do Quadri\u00eanio,<span class=\"Apple-converted-space\">\u00a0 <\/span>Relat\u00f3rio Econ\u00f4mico, Textos Lit\u00fargicos \u2013 CETEL) e outros 15 temas diversos (Acordo Brasil Santa S\u00e9, An\u00e1lise de Conjuntura Social e Eclesial, Gest\u00e3o, Campanha da Fraternidade, Conselho Episcopal Latino Americano, Charis, Comiss\u00e3o Comunh\u00e3o e Partilha, Comiss\u00e3o Episcopal para a Amaz\u00f4nia, Fundo Nacional de Solidariedade<span class=\"Apple-converted-space\">\u00a0 <\/span>e Jubileu 2025, pesquisa \u201cSa\u00fade Integral do Clero\u201d, S\u00ednodo 2023-2024, visita do bispo auxiliar da diocese de Maiduguri (Nig\u00e9ria), dom John Bogna Bakeni, regi\u00e3o que sofre persegui\u00e7\u00e3o (Ajuda \u00e0 Igreja que Sofre)<span class=\"Apple-converted-space\">\u00a0 <\/span>e 15\u00ba Intereclesial das CEBs.<\/p><p>Est\u00e3o previstas as seguintes comunica\u00e7\u00f5es durante a 60\u00aa AG CNBB: bispos em\u00e9ritos, Comiss\u00e3o de Comunica\u00e7\u00e3o, Organismos do Povo de Deus, relato da A\u00e7\u00e3o Mission\u00e1ria Nacional, em Manaus, S\u00ednodo dos Bispos e XVIII Congresso Eucar\u00edstico Nacional. A Assembleia emitir\u00e1 ainda tr\u00eas mensagens: ao Papa, ao prefeito do Dicast\u00e9rio para os Bispos e ao povo brasileiro.<\/p><p>Todos os dias, no Santu\u00e1rio Nacional, \u00e0s 18h30, os bispos participar\u00e3o das celebra\u00e7\u00f5es eucar\u00edsticas da 60\u00aa AG CNBB. Haver\u00e1 tamb\u00e9m uma celebra\u00e7\u00e3o penitencial no dia 23 de abril e uma celebra\u00e7\u00e3o inter-religiosa, no dia 26 de abril. O retiro espiritual acontece no s\u00e1bado, 22, e domingo, 23.<\/p><\/div>\n\t\t\t\t<\/div>\n\t\t\t\t\t\t\t<div class=\"elementor-toggle-item\">\n\t\t\t\t\t<div id=\"elementor-tab-title-2994\" class=\"elementor-tab-title\" data-tab=\"4\" role=\"button\" aria-controls=\"elementor-tab-content-2994\" aria-expanded=\"false\">\n\t\t\t\t\t\t\t\t\t\t\t\t<span class=\"elementor-toggle-icon elementor-toggle-icon-right\" aria-hidden=\"true\">\n\t\t\t\t\t\t\t\t\t\t\t\t\t\t\t<span class=\"elementor-toggle-icon-closed\"><\/span>\n\t\t\t\t\t\t\t\t<span class=\"elementor-toggle-icon-opened\"><\/span>\n\t\t\t\t\t\t\t\t\t\t\t\t\t<\/span>\n\t\t\t\t\t\t\t\t\t\t\t\t<a class=\"elementor-toggle-title\" tabindex=\"0\">Como ser\u00e3o as elei\u00e7\u00f5es durante a Assembleia?<\/a>\n\t\t\t\t\t<\/div>\n\n\t\t\t\t\t<div id=\"elementor-tab-content-2994\" class=\"elementor-tab-content elementor-clearfix\" data-tab=\"4\" role=\"region\" aria-labelledby=\"elementor-tab-title-2994\"><p>Durante a 60\u00aa Assembleia Geral da Confer\u00eancia Nacional dos Bispos do Brasil (AG CNBB) haver\u00e1 a elei\u00e7\u00e3o para 20 fun\u00e7\u00f5es\/servi\u00e7os \u00e0 CNBB, sendo os 4 membros da presid\u00eancia (presidente, primeiro vice-presidente, segundo vice-presidente e secret\u00e1rio-geral), 12 presidentes das Comiss\u00f5es Episcopais permanentes, 2 representantes da CNBB no Conselho Episcopal Latino-Americano (Celam), um titular e suplente, e 2 bispos que participar\u00e3o do processo do S\u00ednodo sobre a Sinodalidade, em Roma. A previs\u00e3o \u00e9 que acontecer\u00e3o 60 escrut\u00ednios a partir da segunda semana da Assembleia.<span class=\"Apple-converted-space\">\u00a0<\/span><\/p><p>De acordo com o artigo 28, da 8\u00aa sess\u00e3o do Estatuto Can\u00f4nico da CNBB, ser\u00e3o eleitos pela Assembleia Geral \u201cem vota\u00e7\u00f5es separadas, o presidente, os vice-presidentes e o secret\u00e1rio-geral, por maioria de 2\/3 dos membros presentes com direito a voto deliberativo, no primeiro ou segundo escrut\u00ednio. No terceiro escrut\u00ednio ser\u00e1 eleito, entre os dois candidatos mais votados no segundo, aquele que obtiver maioria absoluta. Havendo empate, considerar-se-\u00e1 eleito o mais antigo por tempo de ordena\u00e7\u00e3o episcopal\u201d.<span class=\"Apple-converted-space\">\u00a0<\/span><\/p><p>Os presidentes das Comiss\u00f5es Episcopais ser\u00e3o eleitos por maioria absoluta dos membros presentes com direito a voto deliberativo, no primeiro ou segundo escrut\u00ednio. No terceiro escrut\u00ednio ser\u00e1 eleito, entre os dois candidatos mais votados no segundo, aquele que obtiver a maioria absoluta. Havendo empate, considerar-se-\u00e1 eleito o mais antigo por tempo de ordena\u00e7\u00e3o episcopal.<span class=\"Apple-converted-space\">\u00a0<\/span><\/p><p>O voto deliberativo compete apenas aos bispos diocesanos, aos equiparados a eles no direito e aos bispos coadjutores (cf. c\u00e2n. 454, \u00a7 2). A maioria requerida para votar em mat\u00e9ria legislativa \u00e9 de 2\/3 dos membros que t\u00eam direito a voto deliberativo.<\/p><p>Segundo o artigo 27 do Estatuto da CNBB, a Assembleia Geral s\u00f3 pode deliberar ou eleger se estiver presente 2\/3 dos membros com voto deliberativo, salvo qu\u00f3rum diferente exigido pelo direito. O par\u00e1grafo primeiro reza que \u201cas delibera\u00e7\u00f5es decis\u00f3rias e as elei\u00e7\u00f5es ser\u00e3o feitas de acordo com este Estatuto e o Regimento Interno\u201d.<\/p><p>Segundo o Estatuto da CNBB, apenas bispo diocesano, com idade inferior a 71 anos, pode ser eleito presidente, 1\u00ba vice-presidente e 2\u00ba vice-presidente da CNBB (cf. Congrega\u00e7\u00e3o para os Bispos. Carta aos Bispos, de 3 de mar\u00e7o de 2022, Prot. N. 42\/2022). Somente bispo pode ser eleito secret\u00e1rio-geral.<\/p><p>A perman\u00eancia como membro da presid\u00eancia, quaisquer que tenham sido as fun\u00e7\u00f5es nela exercidas, s\u00f3 \u00e9 permitida por dois mandatos consecutivos, tornando-se, portanto, ineleg\u00edvel para um terceiro mandato imediatamente subsequente em qualquer dos cargos da Presid\u00eancia.<\/p><p>Para aprova\u00e7\u00e3o de documentos, estatuto e regimento, por exemplo, \u00e9 necess\u00e1rio que haja consenso e a aprova\u00e7\u00e3o \u00e9 garantida com a maioria dos bispos presentes com direito a voto. S\u00e3o realizados v\u00e1rios escrut\u00ednios at\u00e9 que haja consenso de que se pode votar.<\/p><p>Para outras vota\u00e7\u00f5es, s\u00e3o considerados apenas a maioria simples dos presentes. J\u00e1 para vota\u00e7\u00f5es de temas menos complexos, usa-se o sistema de vota\u00e7\u00e3o simples sem c\u00e9dulas: sim ou n\u00e3o e absten\u00e7\u00f5es. Em todos os casos, os bispos que n\u00e3o se sentirem contemplados poder\u00e3o fazer destaques, defendendo seu ponto de vista para uma nova sess\u00e3o de vota\u00e7\u00f5es.<\/p><\/div>\n\t\t\t\t<\/div>\n\t\t\t\t\t\t\t<div class=\"elementor-toggle-item\">\n\t\t\t\t\t<div id=\"elementor-tab-title-2995\" class=\"elementor-tab-title\" data-tab=\"5\" role=\"button\" aria-controls=\"elementor-tab-content-2995\" aria-expanded=\"false\">\n\t\t\t\t\t\t\t\t\t\t\t\t<span class=\"elementor-toggle-icon elementor-toggle-icon-right\" aria-hidden=\"true\">\n\t\t\t\t\t\t\t\t\t\t\t\t\t\t\t<span class=\"elementor-toggle-icon-closed\"><\/span>\n\t\t\t\t\t\t\t\t<span class=\"elementor-toggle-icon-opened\"><\/span>\n\t\t\t\t\t\t\t\t\t\t\t\t\t<\/span>\n\t\t\t\t\t\t\t\t\t\t\t\t<a class=\"elementor-toggle-title\" tabindex=\"0\">Como acompanhar?<\/a>\n\t\t\t\t\t<\/div>\n\n\t\t\t\t\t<div id=\"elementor-tab-content-2995\" class=\"elementor-tab-content elementor-clearfix\" data-tab=\"5\" role=\"region\" aria-labelledby=\"elementor-tab-title-2995\"><p>No\u00a0<a href=\"https:\/\/www.cnbb.org.br\/\">portal da CNBB<\/a>\u00a0e nas redes sociais (<a href=\"https:\/\/www.facebook.com\/cnbbnacional\" target=\"_blank\" rel=\"noopener\">Facebook<\/a>\u00a0e\u00a0<a href=\"https:\/\/www.youtube.com\/c\/CNBBNacional\" target=\"_blank\" rel=\"noopener\">Youtube<\/a>) ser\u00e1 poss\u00edvel acompanhar a cobertura dos principais temas abordados nas sess\u00f5es. Ser\u00e3o divulgados tamb\u00e9m diariamente o boletim\u00a0<a href=\"https:\/\/www.youtube.com\/hashtag\/igrejanobrasil\" target=\"_blank\" rel=\"noopener\">Igreja no Brasil especial<\/a> 60\u00aa AG CNBB e um clipping di\u00e1rio de not\u00edcias.<span class=\"Apple-converted-space\">\u00a0<\/span><\/p><p>J\u00e1 as coletivas de imprensa poder\u00e3o ser acompanhadas, ao vivo, pelo\u00a0<a href=\"https:\/\/www.a12.com\/\" target=\"_blank\" rel=\"noopener\">portal A12<\/a>\u00a0e redes sociais da CNBB, sempre \u00e0s 15h. E\u00a0as celebra\u00e7\u00f5es que acontecer\u00e3o \u00e0s 18h30, pela TV Aparecida, TVs de inspira\u00e7\u00e3o cat\u00f3lica e redes sociais da CNBB.<\/p><p>Nas redes sociais, a intera\u00e7\u00e3o fica por conta da hashtag\u00a0<b><i>#60AGCNBB<\/i><\/b><\/p><\/div>\n\t\t\t\t<\/div>\n\t\t\t\t\t\t\t\t\t\t<script type=\"application\/ld+json\">{\"@context\":\"https:\\\/\\\/schema.org\",\"@type\":\"FAQPage\",\"mainEntity\":[{\"@type\":\"Question\",\"name\":\"O que \\u00e9 a Assembleia Geral da CNBB?\\u00a0\",\"acceptedAnswer\":{\"@type\":\"Answer\",\"text\":\"<p>Segundo o cap\\u00edtulo III, do Estatuto Can\\u00f4nico da CNBB, promulgado dia 8 de dezembro de 2022, a \\u201cAssembleia Geral, \\u00f3rg\\u00e3o supremo da CNBB, \\u00e9 a express\\u00e3o e a realiza\\u00e7\\u00e3o maio do afeto colegial, da comunh\\u00e3o e da corresponsabilidade dos Pastores da Igreja no Brasil\\u201d com a finalidade de realizar os \\u201cobjetivos da CNBB, para o bem do povo de Deus\\u201d (cf. par\\u00e1grafo \\u00fanico do artigo 11). Segundo o que indica o texto, em seu 13\\u00ba artigo, \\u201ca Assembleia Geral tratar\\u00e1 de assuntos pastorais, de ordem espiritual e de ordem temporal, daqueles relativos \\u00e0 miss\\u00e3o da Igreja e dos problemas emergentes referentes \\u00e0s pessoas e \\u00e0 sociedade, sempre na perspectiva da evangeliza\\u00e7\\u00e3o\\u201d.<\\\/p>\"}},{\"@type\":\"Question\",\"name\":\"Quando acontece e em quantas sess\\u00f5es?\",\"acceptedAnswer\":{\"@type\":\"Answer\",\"text\":\"<p>A 60\\u00aa AG CNBB tem ser\\u00e1 aberta no pr\\u00f3ximo dia 19 de abril, \\u00e0s 8h30, acontece a sess\\u00e3o solene de abertura da 60\\u00aa Assembleia Geral da Confer\\u00eancia Nacional dos Bispos do Brasil (AG CNBB), evento que se estende at\\u00e9 o dia 28, com 22 sess\\u00f5es ao longo das duas semanas.<\\\/p>\"}},{\"@type\":\"Question\",\"name\":\"Qual o tema central e os outros temas deste ano?\",\"acceptedAnswer\":{\"@type\":\"Answer\",\"text\":\"<p>A pauta inclui 1 tema central (Avalia\\u00e7\\u00e3o Global da Caminhada da CNBB (Art. 141 do Regimento em vigor), 6 temas priorit\\u00e1rios (Doutrina da F\\u00e9,<span class=\\\"Apple-converted-space\\\">\\u00a0 <\\\/span>Liturgia, Regimento da CNBB, Relat\\u00f3rio do Quadri\\u00eanio,<span class=\\\"Apple-converted-space\\\">\\u00a0 <\\\/span>Relat\\u00f3rio Econ\\u00f4mico, Textos Lit\\u00fargicos \\u2013 CETEL) e outros 15 temas diversos (Acordo Brasil Santa S\\u00e9, An\\u00e1lise de Conjuntura Social e Eclesial, Gest\\u00e3o, Campanha da Fraternidade, Conselho Episcopal Latino Americano, Charis, Comiss\\u00e3o Comunh\\u00e3o e Partilha, Comiss\\u00e3o Episcopal para a Amaz\\u00f4nia, Fundo Nacional de Solidariedade<span class=\\\"Apple-converted-space\\\">\\u00a0 <\\\/span>e Jubileu 2025, pesquisa \\u201cSa\\u00fade Integral do Clero\\u201d, S\\u00ednodo 2023-2024, visita do bispo auxiliar da diocese de Maiduguri (Nig\\u00e9ria), dom John Bogna Bakeni, regi\\u00e3o que sofre persegui\\u00e7\\u00e3o (Ajuda \\u00e0 Igreja que Sofre)<span class=\\\"Apple-converted-space\\\">\\u00a0 <\\\/span>e 15\\u00ba Intereclesial das CEBs.<\\\/p><p>Est\\u00e3o previstas as seguintes comunica\\u00e7\\u00f5es durante a 60\\u00aa AG CNBB: bispos em\\u00e9ritos, Comiss\\u00e3o de Comunica\\u00e7\\u00e3o, Organismos do Povo de Deus, relato da A\\u00e7\\u00e3o Mission\\u00e1ria Nacional, em Manaus, S\\u00ednodo dos Bispos e XVIII Congresso Eucar\\u00edstico Nacional. A Assembleia emitir\\u00e1 ainda tr\\u00eas mensagens: ao Papa, ao prefeito do Dicast\\u00e9rio para os Bispos e ao povo brasileiro.<\\\/p><p>Todos os dias, no Santu\\u00e1rio Nacional, \\u00e0s 18h30, os bispos participar\\u00e3o das celebra\\u00e7\\u00f5es eucar\\u00edsticas da 60\\u00aa AG CNBB. Haver\\u00e1 tamb\\u00e9m uma celebra\\u00e7\\u00e3o penitencial no dia 23 de abril e uma celebra\\u00e7\\u00e3o inter-religiosa, no dia 26 de abril. O retiro espiritual acontece no s\\u00e1bado, 22, e domingo, 23.<\\\/p>\"}},{\"@type\":\"Question\",\"name\":\"Como ser\\u00e3o as elei\\u00e7\\u00f5es durante a Assembleia?\",\"acceptedAnswer\":{\"@type\":\"Answer\",\"text\":\"<p>Durante a 60\\u00aa Assembleia Geral da Confer\\u00eancia Nacional dos Bispos do Brasil (AG CNBB) haver\\u00e1 a elei\\u00e7\\u00e3o para 20 fun\\u00e7\\u00f5es\\\/servi\\u00e7os \\u00e0 CNBB, sendo os 4 membros da presid\\u00eancia (presidente, primeiro vice-presidente, segundo vice-presidente e secret\\u00e1rio-geral), 12 presidentes das Comiss\\u00f5es Episcopais permanentes, 2 representantes da CNBB no Conselho Episcopal Latino-Americano (Celam), um titular e suplente, e 2 bispos que participar\\u00e3o do processo do S\\u00ednodo sobre a Sinodalidade, em Roma. A previs\\u00e3o \\u00e9 que acontecer\\u00e3o 60 escrut\\u00ednios a partir da segunda semana da Assembleia.<span class=\\\"Apple-converted-space\\\">\\u00a0<\\\/span><\\\/p><p>De acordo com o artigo 28, da 8\\u00aa sess\\u00e3o do Estatuto Can\\u00f4nico da CNBB, ser\\u00e3o eleitos pela Assembleia Geral \\u201cem vota\\u00e7\\u00f5es separadas, o presidente, os vice-presidentes e o secret\\u00e1rio-geral, por maioria de 2\\\/3 dos membros presentes com direito a voto deliberativo, no primeiro ou segundo escrut\\u00ednio. No terceiro escrut\\u00ednio ser\\u00e1 eleito, entre os dois candidatos mais votados no segundo, aquele que obtiver maioria absoluta. Havendo empate, considerar-se-\\u00e1 eleito o mais antigo por tempo de ordena\\u00e7\\u00e3o episcopal\\u201d.<span class=\\\"Apple-converted-space\\\">\\u00a0<\\\/span><\\\/p><p>Os presidentes das Comiss\\u00f5es Episcopais ser\\u00e3o eleitos por maioria absoluta dos membros presentes com direito a voto deliberativo, no primeiro ou segundo escrut\\u00ednio. No terceiro escrut\\u00ednio ser\\u00e1 eleito, entre os dois candidatos mais votados no segundo, aquele que obtiver a maioria absoluta. Havendo empate, considerar-se-\\u00e1 eleito o mais antigo por tempo de ordena\\u00e7\\u00e3o episcopal.<span class=\\\"Apple-converted-space\\\">\\u00a0<\\\/span><\\\/p><p>O voto deliberativo compete apenas aos bispos diocesanos, aos equiparados a eles no direito e aos bispos coadjutores (cf. c\\u00e2n. 454, \\u00a7 2). A maioria requerida para votar em mat\\u00e9ria legislativa \\u00e9 de 2\\\/3 dos membros que t\\u00eam direito a voto deliberativo.<\\\/p><p>Segundo o artigo 27 do Estatuto da CNBB, a Assembleia Geral s\\u00f3 pode deliberar ou eleger se estiver presente 2\\\/3 dos membros com voto deliberativo, salvo qu\\u00f3rum diferente exigido pelo direito. O par\\u00e1grafo primeiro reza que \\u201cas delibera\\u00e7\\u00f5es decis\\u00f3rias e as elei\\u00e7\\u00f5es ser\\u00e3o feitas de acordo com este Estatuto e o Regimento Interno\\u201d.<\\\/p><p>Segundo o Estatuto da CNBB, apenas bispo diocesano, com idade inferior a 71 anos, pode ser eleito presidente, 1\\u00ba vice-presidente e 2\\u00ba vice-presidente da CNBB (cf. Congrega\\u00e7\\u00e3o para os Bispos. Carta aos Bispos, de 3 de mar\\u00e7o de 2022, Prot. N. 42\\\/2022). Somente bispo pode ser eleito secret\\u00e1rio-geral.<\\\/p><p>A perman\\u00eancia como membro da presid\\u00eancia, quaisquer que tenham sido as fun\\u00e7\\u00f5es nela exercidas, s\\u00f3 \\u00e9 permitida por dois mandatos consecutivos, tornando-se, portanto, ineleg\\u00edvel para um terceiro mandato imediatamente subsequente em qualquer dos cargos da Presid\\u00eancia.<\\\/p><p>Para aprova\\u00e7\\u00e3o de documentos, estatuto e regimento, por exemplo, \\u00e9 necess\\u00e1rio que haja consenso e a aprova\\u00e7\\u00e3o \\u00e9 garantida com a maioria dos bispos presentes com direito a voto. S\\u00e3o realizados v\\u00e1rios escrut\\u00ednios at\\u00e9 que haja consenso de que se pode votar.<\\\/p><p>Para outras vota\\u00e7\\u00f5es, s\\u00e3o considerados apenas a maioria simples dos presentes. J\\u00e1 para vota\\u00e7\\u00f5es de temas menos complexos, usa-se o sistema de vota\\u00e7\\u00e3o simples sem c\\u00e9dulas: sim ou n\\u00e3o e absten\\u00e7\\u00f5es. Em todos os casos, os bispos que n\\u00e3o se sentirem contemplados poder\\u00e3o fazer destaques, defendendo seu ponto de vista para uma nova sess\\u00e3o de vota\\u00e7\\u00f5es.<\\\/p>\"}},{\"@type\":\"Question\",\"name\":\"Como acompanhar?\",\"acceptedAnswer\":{\"@type\":\"Answer\",\"text\":\"<p>No\\u00a0<a href=\\\"https:\\\/\\\/www.cnbb.org.br\\\/\\\">portal da CNBB<\\\/a>\\u00a0e nas redes sociais (<a href=\\\"https:\\\/\\\/www.facebook.com\\\/cnbbnacional\\\">Facebook<\\\/a>\\u00a0e\\u00a0<a href=\\\"https:\\\/\\\/www.youtube.com\\\/c\\\/CNBBNacional\\\">Youtube<\\\/a>) ser\\u00e1 poss\\u00edvel acompanhar a cobertura dos principais temas abordados nas sess\\u00f5es. Ser\\u00e3o divulgados tamb\\u00e9m diariamente o boletim\\u00a0<a href=\\\"https:\\\/\\\/www.youtube.com\\\/hashtag\\\/igrejanobrasil\\\">Igreja no Brasil especial<\\\/a> 60\\u00aa AG CNBB e um clipping di\\u00e1rio de not\\u00edcias.<span class=\\\"Apple-converted-space\\\">\\u00a0<\\\/span><\\\/p><p>J\\u00e1 as coletivas de imprensa poder\\u00e3o ser acompanhadas, ao vivo, pelo\\u00a0<a href=\\\"https:\\\/\\\/www.a12.com\\\/\\\">portal A12<\\\/a>\\u00a0e redes sociais da CNBB, sempre \\u00e0s 15h. E\\u00a0as celebra\\u00e7\\u00f5es que acontecer\\u00e3o \\u00e0s 18h30, pela TV Aparecida, TVs de inspira\\u00e7\\u00e3o cat\\u00f3lica e redes sociais da CNBB.<\\\/p><p>Nas redes sociais, a intera\\u00e7\\u00e3o fica por conta da hashtag\\u00a0<b><i>#60AGCNBB<\\\/i><\\\/b><\\\/p>\"}}]}<\/script>\n\t\t\t\t\t<\/div>\n\t\t\t\t<\/div>\n\t\t\t\t<\/div>\n\t\t\t\t\t\t<\/div>\n\t\t\t\t\t<\/div>\n\t\t<\/div>\n\t\t\t\t\t\t\t\t<\/div>\n\t\t\t\t\t<\/div>\n\t\t<\/section>\n\t\t\t\t<section class=\"elementor-section elementor-top-section elementor-element elementor-element-2c72515 elementor-section-boxed elementor-section-height-default elementor-section-height-default\" data-id=\"2c72515\" data-element_type=\"section\" data-settings=\"{&quot;jet_parallax_layout_list&quot;:[]}\">\n\t\t\t\t\t\t<div class=\"elementor-container elementor-column-gap-no\">\n\t\t\t\t\t\t\t<div class=\"elementor-row\">\n\t\t\t\t\t<div class=\"elementor-column elementor-col-50 elementor-top-column elementor-element elementor-element-e5160d3\" data-id=\"e5160d3\" data-element_type=\"column\">\n\t\t\t<div class=\"elementor-column-wrap elementor-element-populated\">\n\t\t\t\t\t\t\t<div class=\"elementor-widget-wrap\">\n\t\t\t\t\t\t<div class=\"elementor-element elementor-element-8b03f3a elementor-invisible elementor-widget elementor-widget-heading\" data-id=\"8b03f3a\" data-element_type=\"widget\" data-settings=\"{&quot;_animation&quot;:&quot;fadeIn&quot;,&quot;_animation_delay&quot;:400}\" data-widget_type=\"heading.default\">\n\t\t\t\t<div class=\"elementor-widget-container\">\n\t\t\t<h2 class=\"elementor-heading-title elementor-size-default\">Informa\u00e7\u00f5es importantes \u00e0 imprensa<\/h2>\t\t<\/div>\n\t\t\t\t<\/div>\n\t\t\t\t<div class=\"elementor-element elementor-element-3a20b55 elementor-invisible elementor-widget elementor-widget-text-editor\" data-id=\"3a20b55\" data-element_type=\"widget\" data-settings=\"{&quot;_animation&quot;:&quot;fadeIn&quot;,&quot;_animation_delay&quot;:600}\" data-widget_type=\"text-editor.default\">\n\t\t\t\t<div class=\"elementor-widget-container\">\n\t\t\t\t\t\t\t\t<div class=\"elementor-text-editor elementor-clearfix\">\n\t\t\t\t<p>Informa\u00e7\u00f5es relevantes aos profissionais que far\u00e3o a cobertura do evento.<\/p>\t\t\t\t\t<\/div>\n\t\t\t\t\t\t<\/div>\n\t\t\t\t<\/div>\n\t\t\t\t<section class=\"elementor-section elementor-inner-section elementor-element elementor-element-8387df5 elementor-section-full_width elementor-section-height-min-height elementor-section-height-default\" data-id=\"8387df5\" data-element_type=\"section\" data-settings=\"{&quot;jet_parallax_layout_list&quot;:[]}\">\n\t\t\t\t\t\t<div class=\"elementor-container elementor-column-gap-no\">\n\t\t\t\t\t\t\t<div class=\"elementor-row\">\n\t\t\t\t\t<div class=\"elementor-column elementor-col-33 elementor-inner-column elementor-element elementor-element-8b3effe elementor-invisible\" data-id=\"8b3effe\" data-element_type=\"column\" data-settings=\"{&quot;background_background&quot;:&quot;classic&quot;,&quot;animation&quot;:&quot;fadeIn&quot;,&quot;animation_delay&quot;:200}\">\n\t\t\t<div class=\"elementor-column-wrap elementor-element-populated\">\n\t\t\t\t\t\t\t<div class=\"elementor-widget-wrap\">\n\t\t\t\t\t\t<div class=\"elementor-element elementor-element-4e8cbe2 elementor-widget elementor-widget-heading\" data-id=\"4e8cbe2\" data-element_type=\"widget\" data-widget_type=\"heading.default\">\n\t\t\t\t<div class=\"elementor-widget-container\">\n\t\t\t<p class=\"elementor-heading-title elementor-size-default\">?<\/p>\t\t<\/div>\n\t\t\t\t<\/div>\n\t\t\t\t\t\t<\/div>\n\t\t\t\t\t<\/div>\n\t\t<\/div>\n\t\t\t\t<div class=\"elementor-column elementor-col-33 elementor-inner-column elementor-element elementor-element-539909e\" data-id=\"539909e\" data-element_type=\"column\">\n\t\t\t<div class=\"elementor-column-wrap elementor-element-populated\">\n\t\t\t\t\t\t\t<div class=\"elementor-widget-wrap\">\n\t\t\t\t\t\t<div class=\"elementor-element elementor-element-f3b1be3 elementor-widget__width-initial elementor-widget-tablet__width-initial elementor-widget-mobile__width-initial elementor-widget elementor-widget-spacer\" data-id=\"f3b1be3\" data-element_type=\"widget\" data-settings=\"{&quot;motion_fx_motion_fx_scrolling&quot;:&quot;yes&quot;,&quot;motion_fx_translateY_effect&quot;:&quot;yes&quot;,&quot;motion_fx_translateY_direction&quot;:&quot;negative&quot;,&quot;motion_fx_translateY_speed&quot;:{&quot;unit&quot;:&quot;px&quot;,&quot;size&quot;:1,&quot;sizes&quot;:[]},&quot;motion_fx_translateY_affectedRange&quot;:{&quot;unit&quot;:&quot;%&quot;,&quot;size&quot;:&quot;&quot;,&quot;sizes&quot;:{&quot;start&quot;:0,&quot;end&quot;:52}},&quot;motion_fx_devices&quot;:[&quot;mobile&quot;]}\" data-widget_type=\"spacer.default\">\n\t\t\t\t<div class=\"elementor-widget-container\">\n\t\t\t\t\t<div class=\"elementor-spacer\">\n\t\t\t<div class=\"elementor-spacer-inner\"><\/div>\n\t\t<\/div>\n\t\t\t\t<\/div>\n\t\t\t\t<\/div>\n\t\t\t\t<div class=\"elementor-element elementor-element-9b8ba3f elementor-widget__width-initial elementor-widget-mobile__width-initial elementor-widget elementor-widget-spacer\" data-id=\"9b8ba3f\" data-element_type=\"widget\" data-settings=\"{&quot;motion_fx_motion_fx_scrolling&quot;:&quot;yes&quot;,&quot;motion_fx_translateY_effect&quot;:&quot;yes&quot;,&quot;motion_fx_translateY_speed&quot;:{&quot;unit&quot;:&quot;px&quot;,&quot;size&quot;:1,&quot;sizes&quot;:[]},&quot;motion_fx_translateY_affectedRange&quot;:{&quot;unit&quot;:&quot;%&quot;,&quot;size&quot;:&quot;&quot;,&quot;sizes&quot;:{&quot;start&quot;:0,&quot;end&quot;:50}},&quot;motion_fx_devices&quot;:[&quot;desktop&quot;,&quot;tablet&quot;]}\" data-widget_type=\"spacer.default\">\n\t\t\t\t<div class=\"elementor-widget-container\">\n\t\t\t\t\t<div class=\"elementor-spacer\">\n\t\t\t<div class=\"elementor-spacer-inner\"><\/div>\n\t\t<\/div>\n\t\t\t\t<\/div>\n\t\t\t\t<\/div>\n\t\t\t\t\t\t<\/div>\n\t\t\t\t\t<\/div>\n\t\t<\/div>\n\t\t\t\t<div class=\"elementor-column elementor-col-33 elementor-inner-column elementor-element elementor-element-6215ddf\" data-id=\"6215ddf\" data-element_type=\"column\">\n\t\t\t<div class=\"elementor-column-wrap elementor-element-populated\">\n\t\t\t\t\t\t\t<div class=\"elementor-widget-wrap\">\n\t\t\t\t\t\t<div class=\"elementor-element elementor-element-8e1dc81 elementor-widget__width-initial elementor-widget-mobile__width-initial elementor-widget elementor-widget-spacer\" data-id=\"8e1dc81\" data-element_type=\"widget\" data-widget_type=\"spacer.default\">\n\t\t\t\t<div class=\"elementor-widget-container\">\n\t\t\t\t\t<div class=\"elementor-spacer\">\n\t\t\t<div class=\"elementor-spacer-inner\"><\/div>\n\t\t<\/div>\n\t\t\t\t<\/div>\n\t\t\t\t<\/div>\n\t\t\t\t<div class=\"elementor-element elementor-element-1177fa6 elementor-widget__width-initial elementor-widget-mobile__width-initial elementor-widget elementor-widget-spacer\" data-id=\"1177fa6\" data-element_type=\"widget\" data-widget_type=\"spacer.default\">\n\t\t\t\t<div class=\"elementor-widget-container\">\n\t\t\t\t\t<div class=\"elementor-spacer\">\n\t\t\t<div class=\"elementor-spacer-inner\"><\/div>\n\t\t<\/div>\n\t\t\t\t<\/div>\n\t\t\t\t<\/div>\n\t\t\t\t<div class=\"elementor-element elementor-element-d7ddda2 elementor-widget__width-initial elementor-widget-mobile__width-initial elementor-absolute elementor-widget elementor-widget-spacer\" data-id=\"d7ddda2\" data-element_type=\"widget\" data-settings=\"{&quot;_position&quot;:&quot;absolute&quot;}\" data-widget_type=\"spacer.default\">\n\t\t\t\t<div class=\"elementor-widget-container\">\n\t\t\t\t\t<div class=\"elementor-spacer\">\n\t\t\t<div class=\"elementor-spacer-inner\"><\/div>\n\t\t<\/div>\n\t\t\t\t<\/div>\n\t\t\t\t<\/div>\n\t\t\t\t<div class=\"elementor-element elementor-element-6a77166 elementor-widget__width-auto elementor-absolute elementor-view-default elementor-widget elementor-widget-icon\" data-id=\"6a77166\" data-element_type=\"widget\" data-settings=\"{&quot;motion_fx_motion_fx_scrolling&quot;:&quot;yes&quot;,&quot;motion_fx_translateX_effect&quot;:&quot;yes&quot;,&quot;motion_fx_translateX_speed&quot;:{&quot;unit&quot;:&quot;px&quot;,&quot;size&quot;:1,&quot;sizes&quot;:[]},&quot;motion_fx_translateX_affectedRange&quot;:{&quot;unit&quot;:&quot;%&quot;,&quot;size&quot;:&quot;&quot;,&quot;sizes&quot;:{&quot;start&quot;:0,&quot;end&quot;:50}},&quot;_position&quot;:&quot;absolute&quot;,&quot;motion_fx_devices&quot;:[&quot;desktop&quot;,&quot;tablet&quot;,&quot;mobile&quot;]}\" data-widget_type=\"icon.default\">\n\t\t\t\t<div class=\"elementor-widget-container\">\n\t\t\t\t\t<div class=\"elementor-icon-wrapper\">\n\t\t\t<div class=\"elementor-icon\">\n\t\t\t\t\t\t<\/div>\n\t\t<\/div>\n\t\t\t\t<\/div>\n\t\t\t\t<\/div>\n\t\t\t\t\t\t<\/div>\n\t\t\t\t\t<\/div>\n\t\t<\/div>\n\t\t\t\t\t\t\t\t<\/div>\n\t\t\t\t\t<\/div>\n\t\t<\/section>\n\t\t\t\t\t\t<\/div>\n\t\t\t\t\t<\/div>\n\t\t<\/div>\n\t\t\t\t<div class=\"elementor-column elementor-col-50 elementor-top-column elementor-element elementor-element-4b7aad0\" data-id=\"4b7aad0\" data-element_type=\"column\">\n\t\t\t<div class=\"elementor-column-wrap elementor-element-populated\">\n\t\t\t\t\t\t\t<div class=\"elementor-widget-wrap\">\n\t\t\t\t\t\t<div class=\"elementor-element elementor-element-9202015 elementor-widget elementor-widget-toggle\" data-id=\"9202015\" data-element_type=\"widget\" data-widget_type=\"toggle.default\">\n\t\t\t\t<div class=\"elementor-widget-container\">\n\t\t\t\t\t<div class=\"elementor-toggle\">\n\t\t\t\t\t\t\t<div class=\"elementor-toggle-item\">\n\t\t\t\t\t<div id=\"elementor-tab-title-1531\" class=\"elementor-tab-title\" data-tab=\"1\" role=\"button\" aria-controls=\"elementor-tab-content-1531\" aria-expanded=\"false\">\n\t\t\t\t\t\t\t\t\t\t\t\t<span class=\"elementor-toggle-icon elementor-toggle-icon-right\" aria-hidden=\"true\">\n\t\t\t\t\t\t\t\t\t\t\t\t\t\t\t<span class=\"elementor-toggle-icon-closed\"><\/span>\n\t\t\t\t\t\t\t\t<span class=\"elementor-toggle-icon-opened\"><\/span>\n\t\t\t\t\t\t\t\t\t\t\t\t\t<\/span>\n\t\t\t\t\t\t\t\t\t\t\t\t<a class=\"elementor-toggle-title\" tabindex=\"0\">Quando ser\u00e1 feito o credenciamento?<\/a>\n\t\t\t\t\t<\/div>\n\n\t\t\t\t\t<div id=\"elementor-tab-content-1531\" class=\"elementor-tab-content elementor-clearfix\" data-tab=\"1\" role=\"region\" aria-labelledby=\"elementor-tab-title-1531\"><p>O credenciamento de jornalistas e profissionais da comunica\u00e7\u00e3o ter\u00e1 in\u00edcio no dia 17 de abril, das 16h \u00e0s 18h, na Sala de Imprensa do Centro de Conven\u00e7\u00f5es Pe V\u00edtor Coelho de Almeida, do Santu\u00e1rio Nacional. A credencial do evento d\u00e1 acesso a qualquer espa\u00e7o do Santu\u00e1rio Nacional no per\u00edodo da 60\u00aa Assembleia Geral.<\/p><\/div>\n\t\t\t\t<\/div>\n\t\t\t\t\t\t\t<div class=\"elementor-toggle-item\">\n\t\t\t\t\t<div id=\"elementor-tab-title-1532\" class=\"elementor-tab-title\" data-tab=\"2\" role=\"button\" aria-controls=\"elementor-tab-content-1532\" aria-expanded=\"false\">\n\t\t\t\t\t\t\t\t\t\t\t\t<span class=\"elementor-toggle-icon elementor-toggle-icon-right\" aria-hidden=\"true\">\n\t\t\t\t\t\t\t\t\t\t\t\t\t\t\t<span class=\"elementor-toggle-icon-closed\"><\/span>\n\t\t\t\t\t\t\t\t<span class=\"elementor-toggle-icon-opened\"><\/span>\n\t\t\t\t\t\t\t\t\t\t\t\t\t<\/span>\n\t\t\t\t\t\t\t\t\t\t\t\t<a class=\"elementor-toggle-title\" tabindex=\"0\">Como ser\u00e1 feita a cobertura jornal\u00edstica?<\/a>\n\t\t\t\t\t<\/div>\n\n\t\t\t\t\t<div id=\"elementor-tab-content-1532\" class=\"elementor-tab-content elementor-clearfix\" data-tab=\"2\" role=\"region\" aria-labelledby=\"elementor-tab-title-1532\"><p>Todos os dias, a Assessoria de Comunica\u00e7\u00e3o da CNBB organizar\u00e1 uma Coletiva de Imprensa,\u00a0\u00e0s 15 horas, com bispos indicados pela presid\u00eancia da CNBB para apresentar os assuntos e desdobramentos dos debates realizados pelo episcopado brasileiro na Assembleia Geral.\u00a0Os jornalistas que se credenciaram previamente ter\u00e3o acesso \u00e0 sala de coletiva, no Centro de Eventos Padre V\u00edtor Coelho de Almeida e receber\u00e3o diariamente avisos de pauta com detalhes e informa\u00e7\u00f5es sobre a programa\u00e7\u00e3o.<\/p><\/div>\n\t\t\t\t<\/div>\n\t\t\t\t\t\t\t<div class=\"elementor-toggle-item\">\n\t\t\t\t\t<div id=\"elementor-tab-title-1533\" class=\"elementor-tab-title\" data-tab=\"3\" role=\"button\" aria-controls=\"elementor-tab-content-1533\" aria-expanded=\"false\">\n\t\t\t\t\t\t\t\t\t\t\t\t<span class=\"elementor-toggle-icon elementor-toggle-icon-right\" aria-hidden=\"true\">\n\t\t\t\t\t\t\t\t\t\t\t\t\t\t\t<span class=\"elementor-toggle-icon-closed\"><\/span>\n\t\t\t\t\t\t\t\t<span class=\"elementor-toggle-icon-opened\"><\/span>\n\t\t\t\t\t\t\t\t\t\t\t\t\t<\/span>\n\t\t\t\t\t\t\t\t\t\t\t\t<a class=\"elementor-toggle-title\" tabindex=\"0\">Como ser\u00e1 o atendimento \u00e0 imprensa?<\/a>\n\t\t\t\t\t<\/div>\n\n\t\t\t\t\t<div id=\"elementor-tab-content-1533\" class=\"elementor-tab-content elementor-clearfix\" data-tab=\"3\" role=\"region\" aria-labelledby=\"elementor-tab-title-1533\"><p>A Assessoria de Comunica\u00e7\u00e3o organiza junto aos bispos, durante os dias da 60\u00ba AG CNBB, o atendimento \u00e0s demandas dos jornalistas e dos ve\u00edculos de comunica\u00e7\u00e3o. Disponibiliza tamb\u00e9m uma Sala de Apoio para os profissionais e ve\u00edculos de comunica\u00e7\u00e3o com acesso \u00e0 internet. Atende tamb\u00e9m os pedidos que enviados pelo e-mail: imprensa@cnbb.org.br<\/p><\/div>\n\t\t\t\t<\/div>\n\t\t\t\t\t\t\t<div class=\"elementor-toggle-item\">\n\t\t\t\t\t<div id=\"elementor-tab-title-1534\" class=\"elementor-tab-title\" data-tab=\"4\" role=\"button\" aria-controls=\"elementor-tab-content-1534\" aria-expanded=\"false\">\n\t\t\t\t\t\t\t\t\t\t\t\t<span class=\"elementor-toggle-icon elementor-toggle-icon-right\" aria-hidden=\"true\">\n\t\t\t\t\t\t\t\t\t\t\t\t\t\t\t<span class=\"elementor-toggle-icon-closed\"><\/span>\n\t\t\t\t\t\t\t\t<span class=\"elementor-toggle-icon-opened\"><\/span>\n\t\t\t\t\t\t\t\t\t\t\t\t\t<\/span>\n\t\t\t\t\t\t\t\t\t\t\t\t<a class=\"elementor-toggle-title\" tabindex=\"0\">Como ser\u00e1 o acesso ao estacionamento do Santu\u00e1rio?<\/a>\n\t\t\t\t\t<\/div>\n\n\t\t\t\t\t<div id=\"elementor-tab-content-1534\" class=\"elementor-tab-content elementor-clearfix\" data-tab=\"4\" role=\"region\" aria-labelledby=\"elementor-tab-title-1534\"><p>As equipes de ve\u00edculos de comunica\u00e7\u00e3o cujo carro j\u00e1 for adesivado como &#8220;Imprensa\u201d, t\u00eam libera\u00e7\u00e3o autom\u00e1tica na entrada do estacionamento do Santu\u00e1rio Nacional de Aparecida, em precisar pagar. Se n\u00e3o tiver adesivo, \u00e9 preciso enviar os dados do ve\u00edculo (placa, cor e modelo) com pelo menos 24 horas de anteced\u00eancia para liberar no sistema para o e-mail: <a href=\"mailto:sala.imprensa@santuarionacional.com\">sala.imprensa@santuarionacional.com<\/a><\/p><\/div>\n\t\t\t\t<\/div>\n\t\t\t\t\t\t\t<div class=\"elementor-toggle-item\">\n\t\t\t\t\t<div id=\"elementor-tab-title-1535\" class=\"elementor-tab-title\" data-tab=\"5\" role=\"button\" aria-controls=\"elementor-tab-content-1535\" aria-expanded=\"false\">\n\t\t\t\t\t\t\t\t\t\t\t\t<span class=\"elementor-toggle-icon elementor-toggle-icon-right\" aria-hidden=\"true\">\n\t\t\t\t\t\t\t\t\t\t\t\t\t\t\t<span class=\"elementor-toggle-icon-closed\"><\/span>\n\t\t\t\t\t\t\t\t<span class=\"elementor-toggle-icon-opened\"><\/span>\n\t\t\t\t\t\t\t\t\t\t\t\t\t<\/span>\n\t\t\t\t\t\t\t\t\t\t\t\t<a class=\"elementor-toggle-title\" tabindex=\"0\">Como acompanhar?<\/a>\n\t\t\t\t\t<\/div>\n\n\t\t\t\t\t<div id=\"elementor-tab-content-1535\" class=\"elementor-tab-content elementor-clearfix\" data-tab=\"5\" role=\"region\" aria-labelledby=\"elementor-tab-title-1535\"><p>No\u00a0<a href=\"https:\/\/www.cnbb.org.br\/\">portal da CNBB<\/a>\u00a0e nas redes sociais (<a href=\"https:\/\/www.facebook.com\/cnbbnacional\" target=\"_blank\" rel=\"noopener\">Facebook<\/a>\u00a0e\u00a0<a href=\"https:\/\/www.youtube.com\/c\/CNBBNacional\" target=\"_blank\" rel=\"noopener\">Youtube<\/a>) ser\u00e1 poss\u00edvel acompanhar a cobertura dos principais temas abordados nas sess\u00f5es. Ser\u00e3o divulgados tamb\u00e9m diariamente o boletim\u00a0<a href=\"https:\/\/www.youtube.com\/hashtag\/igrejanobrasil\" target=\"_blank\" rel=\"noopener\">Igreja no Brasil especial<\/a> 60\u00aa AG CNBB e um clipping di\u00e1rio de not\u00edcias.<span class=\"Apple-converted-space\">\u00a0<\/span><\/p><p>J\u00e1 as coletivas de imprensa poder\u00e3o ser acompanhadas, ao vivo, pelo\u00a0<a href=\"https:\/\/www.a12.com\/\" target=\"_blank\" rel=\"noopener\">portal A12<\/a>\u00a0e redes sociais da CNBB, sempre \u00e0s 15h. E\u00a0as celebra\u00e7\u00f5es que acontecer\u00e3o \u00e0s 18h30, pela TV Aparecida, TVs de inspira\u00e7\u00e3o cat\u00f3lica e redes sociais da CNBB.<\/p><p>Nas redes sociais, a intera\u00e7\u00e3o fica por conta da hashtag\u00a0<b><i>#60AGCNBB<\/i><\/b><\/p><\/div>\n\t\t\t\t<\/div>\n\t\t\t\t\t\t\t\t\t\t<script type=\"application\/ld+json\">{\"@context\":\"https:\\\/\\\/schema.org\",\"@type\":\"FAQPage\",\"mainEntity\":[{\"@type\":\"Question\",\"name\":\"Quando ser\\u00e1 feito o credenciamento?\",\"acceptedAnswer\":{\"@type\":\"Answer\",\"text\":\"<p>O credenciamento de jornalistas e profissionais da comunica\\u00e7\\u00e3o ter\\u00e1 in\\u00edcio no dia 17 de abril, das 16h \\u00e0s 18h, na Sala de Imprensa do Centro de Conven\\u00e7\\u00f5es Pe V\\u00edtor Coelho de Almeida, do Santu\\u00e1rio Nacional. A credencial do evento d\\u00e1 acesso a qualquer espa\\u00e7o do Santu\\u00e1rio Nacional no per\\u00edodo da 60\\u00aa Assembleia Geral.<\\\/p>\"}},{\"@type\":\"Question\",\"name\":\"Como ser\\u00e1 feita a cobertura jornal\\u00edstica?\",\"acceptedAnswer\":{\"@type\":\"Answer\",\"text\":\"<p>Todos os dias, a Assessoria de Comunica\\u00e7\\u00e3o da CNBB organizar\\u00e1 uma Coletiva de Imprensa,\\u00a0\\u00e0s 15 horas, com bispos indicados pela presid\\u00eancia da CNBB para apresentar os assuntos e desdobramentos dos debates realizados pelo episcopado brasileiro na Assembleia Geral.\\u00a0Os jornalistas que se credenciaram previamente ter\\u00e3o acesso \\u00e0 sala de coletiva, no Centro de Eventos Padre V\\u00edtor Coelho de Almeida e receber\\u00e3o diariamente avisos de pauta com detalhes e informa\\u00e7\\u00f5es sobre a programa\\u00e7\\u00e3o.<\\\/p>\"}},{\"@type\":\"Question\",\"name\":\"Como ser\\u00e1 o atendimento \\u00e0 imprensa?\",\"acceptedAnswer\":{\"@type\":\"Answer\",\"text\":\"<p>A Assessoria de Comunica\\u00e7\\u00e3o organiza junto aos bispos, durante os dias da 60\\u00ba AG CNBB, o atendimento \\u00e0s demandas dos jornalistas e dos ve\\u00edculos de comunica\\u00e7\\u00e3o. Disponibiliza tamb\\u00e9m uma Sala de Apoio para os profissionais e ve\\u00edculos de comunica\\u00e7\\u00e3o com acesso \\u00e0 internet. Atende tamb\\u00e9m os pedidos que enviados pelo e-mail: imprensa@cnbb.org.br<\\\/p>\"}},{\"@type\":\"Question\",\"name\":\"Como ser\\u00e1 o acesso ao estacionamento do Santu\\u00e1rio?\",\"acceptedAnswer\":{\"@type\":\"Answer\",\"text\":\"<p>As equipes de ve\\u00edculos de comunica\\u00e7\\u00e3o cujo carro j\\u00e1 for adesivado como &#8220;Imprensa\\u201d, t\\u00eam libera\\u00e7\\u00e3o autom\\u00e1tica na entrada do estacionamento do Santu\\u00e1rio Nacional de Aparecida, em precisar pagar. Se n\\u00e3o tiver adesivo, \\u00e9 preciso enviar os dados do ve\\u00edculo (placa, cor e modelo) com pelo menos 24 horas de anteced\\u00eancia para liberar no sistema para o e-mail: <a href=\\\"mailto:sala.imprensa@santuarionacional.com\\\">sala.imprensa@santuarionacional.com<\\\/a><\\\/p>\"}},{\"@type\":\"Question\",\"name\":\"Como acompanhar?\",\"acceptedAnswer\":{\"@type\":\"Answer\",\"text\":\"<p>No\\u00a0<a href=\\\"https:\\\/\\\/www.cnbb.org.br\\\/\\\">portal da CNBB<\\\/a>\\u00a0e nas redes sociais (<a href=\\\"https:\\\/\\\/www.facebook.com\\\/cnbbnacional\\\">Facebook<\\\/a>\\u00a0e\\u00a0<a href=\\\"https:\\\/\\\/www.youtube.com\\\/c\\\/CNBBNacional\\\">Youtube<\\\/a>) ser\\u00e1 poss\\u00edvel acompanhar a cobertura dos principais temas abordados nas sess\\u00f5es. Ser\\u00e3o divulgados tamb\\u00e9m diariamente o boletim\\u00a0<a href=\\\"https:\\\/\\\/www.youtube.com\\\/hashtag\\\/igrejanobrasil\\\">Igreja no Brasil especial<\\\/a> 60\\u00aa AG CNBB e um clipping di\\u00e1rio de not\\u00edcias.<span class=\\\"Apple-converted-space\\\">\\u00a0<\\\/span><\\\/p><p>J\\u00e1 as coletivas de imprensa poder\\u00e3o ser acompanhadas, ao vivo, pelo\\u00a0<a href=\\\"https:\\\/\\\/www.a12.com\\\/\\\">portal A12<\\\/a>\\u00a0e redes sociais da CNBB, sempre \\u00e0s 15h. E\\u00a0as celebra\\u00e7\\u00f5es que acontecer\\u00e3o \\u00e0s 18h30, pela TV Aparecida, TVs de inspira\\u00e7\\u00e3o cat\\u00f3lica e redes sociais da CNBB.<\\\/p><p>Nas redes sociais, a intera\\u00e7\\u00e3o fica por conta da hashtag\\u00a0<b><i>#60AGCNBB<\\\/i><\\\/b><\\\/p>\"}}]}<\/script>\n\t\t\t\t\t<\/div>\n\t\t\t\t<\/div>\n\t\t\t\t<\/div>\n\t\t\t\t\t\t<\/div>\n\t\t\t\t\t<\/div>\n\t\t<\/div>\n\t\t\t\t\t\t\t\t<\/div>\n\t\t\t\t\t<\/div>\n\t\t<\/section>\n\t\t\t\t<section class=\"elementor-section elementor-top-section elementor-element elementor-element-24940a1 elementor-section-boxed elementor-section-height-default elementor-section-height-default\" data-id=\"24940a1\" data-element_type=\"section\" data-settings=\"{&quot;jet_parallax_layout_list&quot;:[]}\">\n\t\t\t\t\t\t<div class=\"elementor-container elementor-column-gap-default\">\n\t\t\t\t\t\t\t<div class=\"elementor-row\">\n\t\t\t\t\t<div class=\"elementor-column elementor-col-100 elementor-top-column elementor-element elementor-element-d3232ae\" data-id=\"d3232ae\" data-element_type=\"column\">\n\t\t\t<div class=\"elementor-column-wrap elementor-element-populated\">\n\t\t\t\t\t\t\t<div class=\"elementor-widget-wrap\">\n\t\t\t\t\t\t<div class=\"elementor-element elementor-element-57566bd elementor-invisible elementor-widget elementor-widget-heading\" data-id=\"57566bd\" data-element_type=\"widget\" data-settings=\"{&quot;_animation&quot;:&quot;fadeIn&quot;,&quot;_animation_delay&quot;:400}\" data-widget_type=\"heading.default\">\n\t\t\t\t<div class=\"elementor-widget-container\">\n\t\t\t<h2 class=\"elementor-heading-title elementor-size-default\">Not\u00edcias<\/h2>\t\t<\/div>\n\t\t\t\t<\/div>\n\t\t\t\t<div class=\"elementor-element elementor-element-cb086f6 elementor-grid-3 elementor-grid-tablet-2 elementor-grid-mobile-1 elementor-posts--thumbnail-top elementor-card-shadow-yes elementor-posts__hover-gradient elementor-widget elementor-widget-posts\" data-id=\"cb086f6\" data-element_type=\"widget\" data-settings=\"{&quot;cards_columns&quot;:&quot;3&quot;,&quot;cards_columns_tablet&quot;:&quot;2&quot;,&quot;cards_columns_mobile&quot;:&quot;1&quot;,&quot;cards_row_gap&quot;:{&quot;unit&quot;:&quot;px&quot;,&quot;size&quot;:35,&quot;sizes&quot;:[]},&quot;cards_row_gap_tablet&quot;:{&quot;unit&quot;:&quot;px&quot;,&quot;size&quot;:&quot;&quot;,&quot;sizes&quot;:[]},&quot;cards_row_gap_mobile&quot;:{&quot;unit&quot;:&quot;px&quot;,&quot;size&quot;:&quot;&quot;,&quot;sizes&quot;:[]}}\" data-widget_type=\"posts.cards\">\n\t\t\t\t<div class=\"elementor-widget-container\">\n\t\t\t\t\t<div class=\"elementor-posts-container elementor-posts elementor-posts--skin-cards elementor-grid\">\n\t\t\t\t<article class=\"elementor-post elementor-grid-item post-943895 post type-post status-publish format-standard has-post-thumbnail hentry category-60a-ag-2023 category-destaque-especial category-presidencia tag-60a-ag-cnbb\">\n\t\t\t<div class=\"elementor-post__card\">\n\t\t\t\t<a class=\"elementor-post__thumbnail__link\" href=\"https:\/\/www.cnbb.org.br\/discernimento-bom-senso-e-capacidade-para-colaborar-serao-marcas-da-nova-presidencia-da-cnbb-salienta-dom-jaime-spengler-atual-presidente-da-cnbb\/\"><div class=\"elementor-post__thumbnail\"><img width=\"300\" height=\"200\" src=\"https:\/\/www.cnbb.org.br\/wp-content\/uploads\/2023\/04\/WhatsApp-Image-2023-04-28-at-12.57.55-300x200.jpeg\" class=\"attachment-medium size-medium wp-image-943922\" alt=\"\" decoding=\"async\" loading=\"lazy\" srcset=\"https:\/\/www.cnbb.org.br\/wp-content\/uploads\/2023\/04\/WhatsApp-Image-2023-04-28-at-12.57.55-300x200.jpeg 300w, https:\/\/www.cnbb.org.br\/wp-content\/uploads\/2023\/04\/WhatsApp-Image-2023-04-28-at-12.57.55-1024x682.jpeg 1024w, https:\/\/www.cnbb.org.br\/wp-content\/uploads\/2023\/04\/WhatsApp-Image-2023-04-28-at-12.57.55-768x512.jpeg 768w, https:\/\/www.cnbb.org.br\/wp-content\/uploads\/2023\/04\/WhatsApp-Image-2023-04-28-at-12.57.55-1536x1023.jpeg 1536w, https:\/\/www.cnbb.org.br\/wp-content\/uploads\/2023\/04\/WhatsApp-Image-2023-04-28-at-12.57.55-500x333.jpeg 500w, https:\/\/www.cnbb.org.br\/wp-content\/uploads\/2023\/04\/WhatsApp-Image-2023-04-28-at-12.57.55.jpeg 1600w\" sizes=\"(max-width: 300px) 100vw, 300px\" \/><\/div><\/a>\n\t\t\t\t<div class=\"elementor-post__text\">\n\t\t\t\t<h3 class=\"elementor-post__title\">\n\t\t\t<a href=\"https:\/\/www.cnbb.org.br\/discernimento-bom-senso-e-capacidade-para-colaborar-serao-marcas-da-nova-presidencia-da-cnbb-salienta-dom-jaime-spengler-atual-presidente-da-cnbb\/\">\n\t\t\t\t\u201cDiscernimento, bom senso e capacidade para colaborar ser\u00e3o marcas da nova presid\u00eancia da CNBB\u201d, diz dom Jaime\t\t\t<\/a>\n\t\t<\/h3>\n\t\t\t\t<div class=\"elementor-post__excerpt\">\n\t\t\t<p>Na manh\u00e3 desta sexta-feira, os membros da presid\u00eancia da CNBB, que foram rec\u00e9m-empossados, concederam entrevista coletiva \u00e0 imprensa. Na ocasi\u00e3o, o arcebispo de Porto Alegre (RS) e presidente da CNBB, dom Jaime Spengler, saudou a todos os presentes e fez um resumo das atividades realizadas ao longo dos \u00faltimos dez dias<\/p>\n\t\t<\/div>\n\t\t\t\t<\/div>\n\t\t\t\t\t<\/div>\n\t\t<\/article>\n\t\t\t\t<article class=\"elementor-post elementor-grid-item post-943899 post type-post status-publish format-standard has-post-thumbnail hentry category-60a-ag-2023 category-destaque-especial category-presidencia tag-60a-ag-cnbb tag-primeiro-vice-presidente-cnbb\">\n\t\t\t<div class=\"elementor-post__card\">\n\t\t\t\t<a class=\"elementor-post__thumbnail__link\" href=\"https:\/\/www.cnbb.org.br\/dom-joao-justino-o-objetivo-da-conferencia-esta-na-perspectiva-da-comunhao-e-da-unidade-no-servico-a-igreja\/\"><div class=\"elementor-post__thumbnail\"><img width=\"300\" height=\"200\" src=\"https:\/\/www.cnbb.org.br\/wp-content\/uploads\/2023\/04\/Dom-Joao-Justino-de-Medeiros-Silva-1-vice-presidente-da-CNBB-3-300x200.jpeg\" class=\"attachment-medium size-medium wp-image-943934\" alt=\"\" decoding=\"async\" loading=\"lazy\" srcset=\"https:\/\/www.cnbb.org.br\/wp-content\/uploads\/2023\/04\/Dom-Joao-Justino-de-Medeiros-Silva-1-vice-presidente-da-CNBB-3-300x200.jpeg 300w, https:\/\/www.cnbb.org.br\/wp-content\/uploads\/2023\/04\/Dom-Joao-Justino-de-Medeiros-Silva-1-vice-presidente-da-CNBB-3-1024x682.jpeg 1024w, https:\/\/www.cnbb.org.br\/wp-content\/uploads\/2023\/04\/Dom-Joao-Justino-de-Medeiros-Silva-1-vice-presidente-da-CNBB-3-768x512.jpeg 768w, https:\/\/www.cnbb.org.br\/wp-content\/uploads\/2023\/04\/Dom-Joao-Justino-de-Medeiros-Silva-1-vice-presidente-da-CNBB-3-1536x1023.jpeg 1536w, https:\/\/www.cnbb.org.br\/wp-content\/uploads\/2023\/04\/Dom-Joao-Justino-de-Medeiros-Silva-1-vice-presidente-da-CNBB-3-500x333.jpeg 500w, https:\/\/www.cnbb.org.br\/wp-content\/uploads\/2023\/04\/Dom-Joao-Justino-de-Medeiros-Silva-1-vice-presidente-da-CNBB-3.jpeg 1600w\" sizes=\"(max-width: 300px) 100vw, 300px\" \/><\/div><\/a>\n\t\t\t\t<div class=\"elementor-post__text\">\n\t\t\t\t<h3 class=\"elementor-post__title\">\n\t\t\t<a href=\"https:\/\/www.cnbb.org.br\/dom-joao-justino-o-objetivo-da-conferencia-esta-na-perspectiva-da-comunhao-e-da-unidade-no-servico-a-igreja\/\">\n\t\t\t\tDom Jo\u00e3o Justino: \u201cO objetivo da Confer\u00eancia est\u00e1 na perspectiva da comunh\u00e3o e da unidade no servi\u00e7o \u00e0 Igreja no Brasil\u201d\t\t\t<\/a>\n\t\t<\/h3>\n\t\t\t\t<div class=\"elementor-post__excerpt\">\n\t\t\t<p>Os desafios para a a\u00e7\u00e3o evangelizadora no meio urbano foi um dos pontos abordados pelo arcebispo de Goi\u00e2nia (GO) e primeiro vice-presidente da CNBB, dom Jo\u00e3o Justino de Medeiros Silva, na primeira Coletiva de Imprensa da nova presid\u00eancia da entidade, na manh\u00e3 desta sexta-feira, 28 de abril<\/p>\n\t\t<\/div>\n\t\t\t\t<\/div>\n\t\t\t\t\t<\/div>\n\t\t<\/article>\n\t\t\t\t<article class=\"elementor-post elementor-grid-item post-943960 post type-post status-publish format-standard has-post-thumbnail hentry category-60a-ag-2023 category-destaque-especial category-presidencia tag-60a-ag-cnbb\">\n\t\t\t<div class=\"elementor-post__card\">\n\t\t\t\t<a class=\"elementor-post__thumbnail__link\" href=\"https:\/\/www.cnbb.org.br\/o-poder-da-presidencia-e-o-poder-de-servico-afirma-o-segundo-vice-presidente-dom-paulo-jackson\/\"><div class=\"elementor-post__thumbnail\"><img width=\"300\" height=\"200\" src=\"https:\/\/www.cnbb.org.br\/wp-content\/uploads\/2023\/04\/Dom-Jackson-coletiva-final-1--300x200.jpg\" class=\"attachment-medium size-medium wp-image-943967\" alt=\"\" decoding=\"async\" loading=\"lazy\" srcset=\"https:\/\/www.cnbb.org.br\/wp-content\/uploads\/2023\/04\/Dom-Jackson-coletiva-final-1--300x200.jpg 300w, https:\/\/www.cnbb.org.br\/wp-content\/uploads\/2023\/04\/Dom-Jackson-coletiva-final-1--1024x683.jpg 1024w, https:\/\/www.cnbb.org.br\/wp-content\/uploads\/2023\/04\/Dom-Jackson-coletiva-final-1--768x512.jpg 768w, https:\/\/www.cnbb.org.br\/wp-content\/uploads\/2023\/04\/Dom-Jackson-coletiva-final-1--1536x1024.jpg 1536w, https:\/\/www.cnbb.org.br\/wp-content\/uploads\/2023\/04\/Dom-Jackson-coletiva-final-1--2048x1365.jpg 2048w, https:\/\/www.cnbb.org.br\/wp-content\/uploads\/2023\/04\/Dom-Jackson-coletiva-final-1--500x333.jpg 500w\" sizes=\"(max-width: 300px) 100vw, 300px\" \/><\/div><\/a>\n\t\t\t\t<div class=\"elementor-post__text\">\n\t\t\t\t<h3 class=\"elementor-post__title\">\n\t\t\t<a href=\"https:\/\/www.cnbb.org.br\/o-poder-da-presidencia-e-o-poder-de-servico-afirma-o-segundo-vice-presidente-dom-paulo-jackson\/\">\n\t\t\t\t\u201cO poder da presid\u00eancia \u00e9 o poder de servi\u00e7o que Jesus oferece\u201d, afirma o segundo vice-presidente dom Paulo Jackson\t\t\t<\/a>\n\t\t<\/h3>\n\t\t\t\t<div class=\"elementor-post__excerpt\">\n\t\t\t<p>O bispo de Garanhuns (PE) e atual presidente do regional Nordeste 2 da CNBB ressaltou que compor o grupo da presid\u00eancia \u00e9 prestar um servi\u00e7o aos irm\u00e3os bispos, \u00e0s igrejas particulares, em esp\u00edrito de colegialidade. \u201cPartimos do crit\u00e9rio da sinodalidade, de comungar, animar a vida, a miss\u00e3o as pastorais e esses servi\u00e7os\u201d, disse em \u00faltima coletiva <\/p>\n\t\t<\/div>\n\t\t\t\t<\/div>\n\t\t\t\t\t<\/div>\n\t\t<\/article>\n\t\t\t\t<\/div>\n\t\t\n\t\t\t\t<\/div>\n\t\t\t\t<\/div>\n\t\t\t\t<div class=\"elementor-element elementor-element-96efaf0 elementor-align-center elementor-widget elementor-widget-button\" data-id=\"96efaf0\" data-element_type=\"widget\" data-widget_type=\"button.default\">\n\t\t\t\t<div class=\"elementor-widget-container\">\n\t\t\t\t\t<div class=\"elementor-button-wrapper\">\n\t\t\t<a class=\"elementor-button elementor-button-link elementor-size-md\" href=\"https:\/\/www.cnbb.org.br\/categoria\/encontros-institucionais\/assembleias-gerais\/60a-ag-2023\/\">\n\t\t\t\t\t\t<span class=\"elementor-button-content-wrapper\">\n\t\t\t\t\t\t<span class=\"elementor-button-text\">Acessar outras not\u00edcias<\/span>\n\t\t<\/span>\n\t\t\t\t\t<\/a>\n\t\t<\/div>\n\t\t\t\t<\/div>\n\t\t\t\t<\/div>\n\t\t\t\t\t\t<\/div>\n\t\t\t\t\t<\/div>\n\t\t<\/div>\n\t\t\t\t\t\t\t\t<\/div>\n\t\t\t\t\t<\/div>\n\t\t<\/section>\n\t\t\t\t<section class=\"elementor-section elementor-top-section elementor-element elementor-element-2d1bf2c elementor-section-boxed elementor-section-height-default elementor-section-height-default\" data-id=\"2d1bf2c\" data-element_type=\"section\" data-settings=\"{&quot;jet_parallax_layout_list&quot;:[]}\">\n\t\t\t\t\t\t<div class=\"elementor-container elementor-column-gap-default\">\n\t\t\t\t\t\t\t<div class=\"elementor-row\">\n\t\t\t\t\t<div class=\"elementor-column elementor-col-100 elementor-top-column elementor-element elementor-element-a3245ff\" data-id=\"a3245ff\" data-element_type=\"column\">\n\t\t\t<div class=\"elementor-column-wrap elementor-element-populated\">\n\t\t\t\t\t\t\t<div class=\"elementor-widget-wrap\">\n\t\t\t\t\t\t<div class=\"elementor-element elementor-element-e1b7abe elementor-widget elementor-widget-spacer\" data-id=\"e1b7abe\" data-element_type=\"widget\" data-widget_type=\"spacer.default\">\n\t\t\t\t<div class=\"elementor-widget-container\">\n\t\t\t\t\t<div class=\"elementor-spacer\">\n\t\t\t<div class=\"elementor-spacer-inner\"><\/div>\n\t\t<\/div>\n\t\t\t\t<\/div>\n\t\t\t\t<\/div>\n\t\t\t\t<div class=\"elementor-element elementor-element-0741de8 elementor-invisible elementor-widget elementor-widget-heading\" data-id=\"0741de8\" data-element_type=\"widget\" data-settings=\"{&quot;_animation&quot;:&quot;fadeIn&quot;,&quot;_animation_delay&quot;:400}\" data-widget_type=\"heading.default\">\n\t\t\t\t<div class=\"elementor-widget-container\">\n\t\t\t<h2 class=\"elementor-heading-title elementor-size-default\">Boletim Igreja no Brasil | 60\u00aa AGCNBB<\/h2>\t\t<\/div>\n\t\t\t\t<\/div>\n\t\t\t\t<section class=\"elementor-section elementor-inner-section elementor-element elementor-element-4c15712 elementor-section-boxed elementor-section-height-default elementor-section-height-default\" data-id=\"4c15712\" data-element_type=\"section\" data-settings=\"{&quot;jet_parallax_layout_list&quot;:[]}\">\n\t\t\t\t\t\t<div class=\"elementor-container elementor-column-gap-default\">\n\t\t\t\t\t\t\t<div class=\"elementor-row\">\n\t\t\t\t\t<div class=\"elementor-column elementor-col-33 elementor-inner-column elementor-element elementor-element-8204694\" data-id=\"8204694\" data-element_type=\"column\">\n\t\t\t<div class=\"elementor-column-wrap elementor-element-populated\">\n\t\t\t\t\t\t\t<div class=\"elementor-widget-wrap\">\n\t\t\t\t\t\t<div class=\"elementor-element elementor-element-e82645f elementor-widget elementor-widget-video\" data-id=\"e82645f\" data-element_type=\"widget\" data-settings=\"{&quot;youtube_url&quot;:&quot;https:\\\/\\\/www.youtube.com\\\/watch?v=C1MPx2HJezs&quot;,&quot;video_type&quot;:&quot;youtube&quot;,&quot;controls&quot;:&quot;yes&quot;}\" data-widget_type=\"video.default\">\n\t\t\t\t<div class=\"elementor-widget-container\">\n\t\t\t\t\t<div class=\"elementor-wrapper elementor-open-inline\">\n\t\t\t<div class=\"elementor-video\"><\/div>\t\t<\/div>\n\t\t\t\t<\/div>\n\t\t\t\t<\/div>\n\t\t\t\t\t\t<\/div>\n\t\t\t\t\t<\/div>\n\t\t<\/div>\n\t\t\t\t<div class=\"elementor-column elementor-col-33 elementor-inner-column elementor-element elementor-element-5e3add6\" data-id=\"5e3add6\" data-element_type=\"column\">\n\t\t\t<div class=\"elementor-column-wrap elementor-element-populated\">\n\t\t\t\t\t\t\t<div class=\"elementor-widget-wrap\">\n\t\t\t\t\t\t<div class=\"elementor-element elementor-element-b78dc27 elementor-widget elementor-widget-video\" data-id=\"b78dc27\" data-element_type=\"widget\" data-settings=\"{&quot;youtube_url&quot;:&quot;https:\\\/\\\/www.youtube.com\\\/watch?v=xejrdDgFq7c&quot;,&quot;video_type&quot;:&quot;youtube&quot;,&quot;controls&quot;:&quot;yes&quot;}\" data-widget_type=\"video.default\">\n\t\t\t\t<div class=\"elementor-widget-container\">\n\t\t\t\t\t<div class=\"elementor-wrapper elementor-open-inline\">\n\t\t\t<div class=\"elementor-video\"><\/div>\t\t<\/div>\n\t\t\t\t<\/div>\n\t\t\t\t<\/div>\n\t\t\t\t\t\t<\/div>\n\t\t\t\t\t<\/div>\n\t\t<\/div>\n\t\t\t\t<div class=\"elementor-column elementor-col-33 elementor-inner-column elementor-element elementor-element-e294ded\" data-id=\"e294ded\" data-element_type=\"column\">\n\t\t\t<div class=\"elementor-column-wrap elementor-element-populated\">\n\t\t\t\t\t\t\t<div class=\"elementor-widget-wrap\">\n\t\t\t\t\t\t<div class=\"elementor-element elementor-element-d9b45e5 elementor-widget elementor-widget-video\" data-id=\"d9b45e5\" data-element_type=\"widget\" data-settings=\"{&quot;youtube_url&quot;:&quot;https:\\\/\\\/www.youtube.com\\\/watch?v=vvu1NfMUgd4&quot;,&quot;video_type&quot;:&quot;youtube&quot;,&quot;controls&quot;:&quot;yes&quot;}\" data-widget_type=\"video.default\">\n\t\t\t\t<div class=\"elementor-widget-container\">\n\t\t\t\t\t<div class=\"elementor-wrapper elementor-open-inline\">\n\t\t\t<div class=\"elementor-video\"><\/div>\t\t<\/div>\n\t\t\t\t<\/div>\n\t\t\t\t<\/div>\n\t\t\t\t\t\t<\/div>\n\t\t\t\t\t<\/div>\n\t\t<\/div>\n\t\t\t\t\t\t\t\t<\/div>\n\t\t\t\t\t<\/div>\n\t\t<\/section>\n\t\t\t\t<div class=\"elementor-element elementor-element-1b856a5 elementor-align-center elementor-widget elementor-widget-button\" data-id=\"1b856a5\" data-element_type=\"widget\" data-widget_type=\"button.default\">\n\t\t\t\t<div class=\"elementor-widget-container\">\n\t\t\t\t\t<div class=\"elementor-button-wrapper\">\n\t\t\t<a class=\"elementor-button elementor-button-link elementor-size-md\" href=\"https:\/\/www.youtube.com\/playlist?list=PLD-bgXwLtAG3KHuKDW67sTnttBHNpCVTg\" target=\"_blank\" rel=\"noopener\">\n\t\t\t\t\t\t<span class=\"elementor-button-content-wrapper\">\n\t\t\t\t\t\t<span class=\"elementor-button-text\">Ver mais v\u00eddeos da #60AGCNBB<\/span>\n\t\t<\/span>\n\t\t\t\t\t<\/a>\n\t\t<\/div>\n\t\t\t\t<\/div>\n\t\t\t\t<\/div>\n\t\t\t\t\t\t<\/div>\n\t\t\t\t\t<\/div>\n\t\t<\/div>\n\t\t\t\t\t\t\t\t<\/div>\n\t\t\t\t\t<\/div>\n\t\t<\/section>\n\t\t\t\t\t\t\t\t\t<\/div>\n\t\t\t<\/div>\n\t\t\t\t\t<\/div>\n\t\t","protected":false},"excerpt":{"rendered":"<p>Secret\u00e1rio-geral explica a 60\u00aa Assembleia da Confer\u00eancia Temas No pr\u00f3ximo dia 19 de abril, \u00e0s 8h30, acontece a sess\u00e3o solene de abertura da 60\u00aa Assembleia Geral da Confer\u00eancia Nacional dos Bispos do Brasil (AG CNBB), no Centro de Conven\u00e7\u00f5es Padre V\u00edtor Coelho de Almeida do Santu\u00e1rio Nacional de Aparecida, em Aparecida (SP). O encontro do &hellip;<\/p>\n<p class=\"read-more\"> <a class=\"\" href=\"https:\/\/www.cnbb.org.br\/o-poder-da-presidencia-e-o-poder-de-servico-afirma-o-segundo-vice-presidente-dom-paulo-jackson\/\"> <span class=\"screen-reader-text\">\u201cO poder da presid\u00eancia \u00e9 o poder de servi\u00e7o que Jesus oferece\u201d, afirma o segundo vice-presidente dom Paulo Jackson<\/span> Leia mais &raquo;<\/a><\/p>\n","protected":false},"author":138,"featured_media":942397,"parent":0,"menu_order":0,"comment_status":"closed","ping_status":"closed","template":"","meta":{"site-sidebar-layout":"no-sidebar","site-content-layout":"page-builder","ast-global-header-display":"","ast-banner-title-visibility":"","ast-main-header-display":"","ast-hfb-above-header-display":"","ast-hfb-below-header-display":"","ast-hfb-mobile-header-display":"","site-post-title":"disabled","ast-breadcrumbs-content":"","ast-featured-img":"disabled","footer-sml-layout":"","theme-transparent-header-meta":"default","adv-header-id-meta":"","stick-header-meta":"","header-above-stick-meta":"","header-main-stick-meta":"","header-below-stick-meta":""},"acf":[],"_links":{"self":[{"href":"https:\/\/www.cnbb.org.br\/cnbb-app\/wp\/v2\/pages\/942274"}],"collection":[{"href":"https:\/\/www.cnbb.org.br\/cnbb-app\/wp\/v2\/pages"}],"about":[{"href":"https:\/\/www.cnbb.org.br\/cnbb-app\/wp\/v2\/types\/page"}],"author":[{"embeddable":true,"href":"https:\/\/www.cnbb.org.br\/cnbb-app\/wp\/v2\/users\/138"}],"replies":[{"embeddable":true,"href":"https:\/\/www.cnbb.org.br\/cnbb-app\/wp\/v2\/comments?post=942274"}],"version-history":[{"count":111,"href":"https:\/\/www.cnbb.org.br\/cnbb-app\/wp\/v2\/pages\/942274\/revisions"}],"predecessor-version":[{"id":943908,"href":"https:\/\/www.cnbb.org.br\/cnbb-app\/wp\/v2\/pages\/942274\/revisions\/943908"}],"wp:featuredmedia":[{"embeddable":true,"href":"https:\/\/www.cnbb.org.br\/cnbb-app\/wp\/v2\/media\/942397"}],"wp:attachment":[{"href":"https:\/\/www.cnbb.org.br\/cnbb-app\/wp\/v2\/media?parent=942274"}],"curies":[{"name":"wp","href":"https:\/\/api.w.org\/{rel}","templated":true}]}}